{"id":4031,"date":"2021-12-08T10:40:18","date_gmt":"2021-12-08T09:40:18","guid":{"rendered":"http:\/\/vrnjackabanja.co.rs\/festivali\/"},"modified":"2022-08-05T11:42:14","modified_gmt":"2022-08-05T09:42:14","slug":"ru-%d1%84%d0%b5%d1%81%d1%82%d0%b8%d0%b2%d0%b0%d0%bb%d0%b8","status":"publish","type":"page","link":"https:\/\/vrnjackabanja.co.rs\/ru\/ru-%d1%84%d0%b5%d1%81%d1%82%d0%b8%d0%b2%d0%b0%d0%bb%d0%b8\/","title":{"rendered":"\u0424\u0415\u0421\u0422\u0418\u0412\u0410\u041b\u0418"},"content":{"rendered":"\n<h1 class=\"has-medium-font-size wp-block-heading\" id=\"festival-filmskog-scenarija\">Festival Filmskog scenarija<\/h1>\n\n<p><\/p>\n\n<h5 class=\"wp-block-heading\" id=\"festival-filmskog-scenarija-je-festival-koji-je-posvecen-iskljucivo-filmskom-scenariju\">Festival filmskog scenarija je festival koji je posve\u0107en isklju\u010divo filmskom scenariju<\/h5>\n\n<h5 class=\"wp-block-heading\" id=\"odrzava-se-svake-godine-sredinom-ili-krajem-avgusta-u-vrnjackoj-banji\">Odr\u017eava se svake godine sredinom ili krajem avgusta u Vrnja\u010dkoj Banji<\/h5>\n<div class=\"wp-block-image\">\n<figure class=\"alignleft size-large\"><img loading=\"lazy\" decoding=\"async\" width=\"1024\" height=\"1022\" src=\"http:\/\/vrnjackabanja.co.rs\/wp-content\/uploads\/2022\/03\/Logo-2022-1024x1022.jpg\" alt=\"\" class=\"wp-image-7094\" srcset=\"https:\/\/vrnjackabanja.co.rs\/wp-content\/uploads\/2022\/03\/Logo-2022-1024x1022.jpg 1024w, https:\/\/vrnjackabanja.co.rs\/wp-content\/uploads\/2022\/03\/Logo-2022-300x300.jpg 300w, https:\/\/vrnjackabanja.co.rs\/wp-content\/uploads\/2022\/03\/Logo-2022-150x150.jpg 150w, https:\/\/vrnjackabanja.co.rs\/wp-content\/uploads\/2022\/03\/Logo-2022-768x767.jpg 768w, https:\/\/vrnjackabanja.co.rs\/wp-content\/uploads\/2022\/03\/Logo-2022.jpg 1082w\" sizes=\"auto, (max-width: 1024px) 100vw, 1024px\" \/><\/figure>\n<\/div>\n<p>Jedan od najzna\u010dajnijih segmenata Vrnja\u010dkih kulturnih sve\u010danosti je Festival filmskog scenarija, koji je za 45 godinu postojanja, ostaju\u0107i dosledan svojoj prvobitnoj ideji, bio dostojan dijagnosti\u010dar vrlina i mana i nezaobilazni hroni\u010dar na \u0161irokom prostoru scenaristike. U tom kontekstu, a u prilog raspravi imamo li mnogo filmskih festivala, treba dodati i ovo: Bilo ih mnogo ili ne, oni su svaki na svoj na\u010din doprineli afirmaciji jugoslovenske kinematografije, dali podr\u0161ku njenom razvoju, u\u010dinili da ona, takva kakva jeste, zaboravi na mnoge probleme koji je prate. U korpusu takvih manifestacija treba sagledati i Festival filmskog scenarija.<\/p>\n\n<p><\/p>\n\n<h5 class=\"wp-block-heading\" id=\"prateci-program\">Prate\u0107i program<\/h5>\n\n<p>Pored zvani\u010dnog takmi\u010darskog programa, Festival filmskog scenarija uvek je imao i poneki zna\u010dajan prate\u0107i program, novu \u201cinjekciju\u201d koja ga je i u te\u0161kim trenucima, izazvanim op\u0161tom krizom u kinomatografiji i u dru\u0161tvu, vra\u0107ala u \u201cigru\u201d i \u010dinila specifi\u010dnom:<\/p>\n\n<ul class=\"wp-block-list\"><li>Simpozijum (odr\u017eava se od po\u010detka festivala)<\/li><li>Letnja \u0161kola filmske dramaturgije (odr\u017eava se od 1996. do danas)<\/li><li>Letnja \u0161kola filmske kritike (odr\u017eava se od 2012. \u2013 do danas)<\/li><li>Konkurs za originalni scenario (od 1984. \u2013 1988.)<\/li><li>Zabranjeni bez zabrane \u2013 filmovi iz bunkera (1987. \u2013 1990.)<\/li><li>Uvodjenje TV filmova u konkurenciju (1993.-1996.)<\/li><\/ul>\n\n<figure class=\"wp-block-embed is-type-wp-embed is-provider-festival-filmskog-scenarija wp-block-embed-festival-filmskog-scenarija\"><div class=\"wp-block-embed__wrapper\">\nhttps:\/\/screenfest.org.rs\/home\/about\/\n<\/div><\/figure>\n\n<hr class=\"wp-block-separator has-css-opacity\"\/>\n\n<h1 class=\"has-text-align-left has-medium-font-size wp-block-heading\" id=\"dani-danila-bate-stojkovica\">Dani Danila Bate Stojkovi\u0107a<\/h1>\n\n<p><\/p>\n\n<p>Danilo Bata Stojkovi\u0107 (11. \u0430\u0432\u0433\u0443\u0441\u0442 1934 \u2014 16. \u043c\u0430\u0440\u0442 2002)<\/p>\n\n<p>Doajen jugoslovenskog i srpskog glumi\u0161ta, \u010dovek koji je \u017eivot posvetio daskama koje \u017eivot zna\u010de i velikom platnu, legenda koja i dalje \u017eivi u ne malom broju ostvarenja koja su ostala iza njega, ili jednostavno Danilo Bata Stojkovi\u0107. Ostavio je neizbrisiv trag glume\u0107i u pregr\u0161t predstava, kao i u velikom broju filmskih ostvarenja od kojih su neka sinonim za jugoslovenski film (Maratonci tr\u010de po\u010dasni krug, Ko to tamo peva, Balkanski \u0161pijun i dr. ).<\/p>\n<div class=\"wp-block-image\">\n<figure class=\"aligncenter size-full is-resized\"><img loading=\"lazy\" decoding=\"async\" src=\"http:\/\/vrnjackabanja.co.rs\/wp-content\/uploads\/2022\/02\/2658.jpg\" alt=\"\" class=\"wp-image-1523\" width=\"645\" height=\"430\" srcset=\"https:\/\/vrnjackabanja.co.rs\/wp-content\/uploads\/2022\/02\/2658.jpg 720w, https:\/\/vrnjackabanja.co.rs\/wp-content\/uploads\/2022\/02\/2658-300x200.jpg 300w\" sizes=\"auto, (max-width: 645px) 100vw, 645px\" \/><\/figure>\n<\/div>\n<p>Koliko je Bata voleo Vrnja\u010dku Banju dokazuje re\u010denica koju je izgovorio u kultnoj vrnja\u010dkoj kafani &#171;Pahuljica&#187;:<\/p>\n\n<ul class=\"wp-block-list\"><li>Dok sam \u017eiv ne\u0107u izlaziti iz Vrnja\u010dke Banje!<br\/>Od 1994. svaki svoj ro\u0111endan proslavljao je u Banji sa svojim prijateljima, u &#171;Cicinom soka\u010detu&#187; koje u vreme manifestacije Dani Bate Stojkovi\u0107a menja ime u \u201eBatina kafana\u201c<br\/>\u2013 Voleo je najvi\u0161e roze sa puno leda. De\u0161avalo se da u \u0161anku ostavi kamaru para za svaki slu\u010daj ako se zaboravi ili dru\u0161tvo nema da plati. Voleo je da zaviri u kuhinju i mnogo je voleo Banju. I posle toliko godina od njegovog odlaska mi Vrnj\u010dani koji smo ga poznavali, jo\u0161 uvek ga neizmerno volimo \u2013 pri\u010da Stana Cica Simi\u0107 vlasnica restorana \u201eCicino soka\u010de&#187;, mesto gde se mogu probati Batina jela, koja mu je ona isklju\u010divo pripremala.<br\/>U znak se\u0107anja na Batu Stojkovi\u0107a u Vrnja\u010dkom parku je posa\u0111eno i &#171;Batino stablo&#187;.<\/li><\/ul>\n\n<p>Svoje se\u0107anje na Danila Batu Stojkovi\u0107a Vrnj\u010dani su ovekovi\u010dili na Letnjoj pozornici gde je 2010. godine otkrivena spomen plo\u010da ovom glumcu, a sama Letnja pozornica od te godine nosi ime ovog proslavljenog glumca. Tako\u0111e, od 2010. godine organizuju se \u201eDani Bate Stojkovi\u0107a\u201c, kulturna manifestacija propra\u0107ena nizom pozori\u0161nih predstva, gluma\u010dkih susreta, knji\u017eevnih ve\u010deri, koncerata, a sve sa ciljem evociranja i \u010duvanja uspomene na Batu Stojkovi\u0107a. Tradicionalno se jedna kafana naziva kafanom Bate Stojkovi\u0107a gde se u ponudi nalaze jela i pi\u0107a u kojima je Bata, kao veliki boem i redovan gost Vrnja\u010dke Banje, rado konzumirao. Dani Danila Bate Stojkovi\u0107a svake godine se organizuju u sredinom avgusta, ta\u010dnije u periodu oko 11. avgusta kada je dan ro\u0111enja glumca.<\/p>\n\n<p><a href=\"https:\/\/www.facebook.com\/kulturnicentarvb\/\">https:\/\/www.facebook.com\/kulturnicentarvb\/<\/a><\/p>\n\n<hr class=\"wp-block-separator has-css-opacity\"\/>\n\n<p><\/p>\n\n<h1 class=\"has-medium-font-size wp-block-heading\" id=\"festival-klasicne-muzike-vrnjci\">Festival klasi\u010dne muzike \u201eVrnjci&#187; <\/h1>\n\n<p><\/p>\n\n<p>Me\u0111unarodni festival klasi\u010dne muzike \u2013 pored mnogobrojnih koncerata, u okviru festivala odr\u017eava se i pedago\u0161ki program sa kursevima violine i kamerne muzike.<\/p>\n<div class=\"wp-block-image\">\n<figure class=\"aligncenter size-full\"><img loading=\"lazy\" decoding=\"async\" width=\"750\" height=\"960\" src=\"http:\/\/vrnjackabanja.co.rs\/wp-content\/uploads\/2022\/07\/295102131_554093373170574_2497162951383455209_n.jpg\" alt=\"\" class=\"wp-image-7112\" srcset=\"https:\/\/vrnjackabanja.co.rs\/wp-content\/uploads\/2022\/07\/295102131_554093373170574_2497162951383455209_n.jpg 750w, https:\/\/vrnjackabanja.co.rs\/wp-content\/uploads\/2022\/07\/295102131_554093373170574_2497162951383455209_n-234x300.jpg 234w\" sizes=\"auto, (max-width: 750px) 100vw, 750px\" \/><\/figure>\n<\/div>\n<p>Umetni\u010dki direktor festivala je Uro\u0161 Doj\u010dinovi\u0107, a idejni tvorac od osnivanja je Jelena Borovi\u0107 Dimi\u0107. Festival se ve\u0107 tradicionalno organizuje 16 godina u julu mesecu pod pokroviteljstvom Ministarstva kulture i informisanja, Op\u0161tine Vrnja\u010dka Banja i Organizacije za ostvarivanje kolektivnih prava izvo\u0111a\u010da.<\/p>\n\n<p>Svi koncerti su besplatni, sa po\u010detkom u 20h i odr\u017eavaju se u Zamku kulture Belimarkovi\u0107.<\/p>\n\n<hr class=\"wp-block-separator has-css-opacity\"\/>\n\n<p><\/p>\n\n<h1 class=\"has-medium-font-size wp-block-heading\" id=\"zum-medunarodni-festival-klasicne-muzike\">ZUM Me\u0111unarodni festival klasi\u010dne muzike<\/h1>\n\n<p><\/p>\n\n<p>Manifestacija koja ima za cilj razvoj i negovanje dobrog muzi\u010dkog ukusa i pozicioniranje Vrnja\u010dke Banje na mapi Evrope kao mesto koje neguje klasi\u010dnu muziku<\/p>\n\n<p>Prvi ZUM festival, me\u0111unarodni festival klasi\u010dne kamerne muzike odr\u017eao se u Vrnja\u010dkoj Banji od 30.septembra do 02. oktobra. ZUM, me\u0111unarodni festival klasi\u010dne kamerne muzike, ima za cil\u0458 negovanje dobrog muzi\u010dkog ukusa gra\u0111ana i u\u017eivanje u vrhunskoj umetni\u010dkoj muzici.<\/p>\n\n<p>Afirmaciju kamerne muzike, profesionalno izvo\u0111enje muzike visoke umetni\u010dke vrednosti , dovo\u0111enjem svetski poznatih i priznatih izvo\u0111a\u010da i edukaciju mladih, kroz njihovo kvalitetno ukl\u0458u\u010divanje u svet muzike. Brendiranje festivala u smislu da se Vrnja\u010dka Banja ucrta u mapu Srbije kao grad koji neguje klasi\u010dnu muziku i ima jo\u0161 jednu va\u017enu manifestaciju od zna\u010daja, ne samo za na\u0161u regiju ve\u0107 i za celu zeml\u0458u.<\/p>\n<div class=\"wp-block-image\">\n<figure class=\"aligncenter size-full is-resized\"><img loading=\"lazy\" decoding=\"async\" src=\"http:\/\/vrnjackabanja.co.rs\/wp-content\/uploads\/2022\/02\/2941.jpg\" alt=\"\" class=\"wp-image-1529\" width=\"621\" height=\"414\" srcset=\"https:\/\/vrnjackabanja.co.rs\/wp-content\/uploads\/2022\/02\/2941.jpg 720w, https:\/\/vrnjackabanja.co.rs\/wp-content\/uploads\/2022\/02\/2941-300x200.jpg 300w\" sizes=\"auto, (max-width: 621px) 100vw, 621px\" \/><\/figure>\n<\/div>\n<p>Nosilac projekta je udru\u017eenje gra\u0111ana ,,Zamak umetni\u010dke muzike\u201d iz Velu\u0107a, pod vo\u0111stvom osniva\u010da i umetni\u010dkog direktora Darka Per\u010devi\u0107a. Pod pokrovitel\u0458stvom Op\u0161tine Vrnja\u010dka Banja, Ministarstva kulture i infomisanja, Kulturnog centra Vrnja\u010dke Banje, Turisti\u010dke organizacije Vrnja\u010dke Banje i drugih zna\u010dajnih sponzora i donatora.<\/p>\n\n<p>Kroz koncerte koji \u0107e se odr\u017eati, publika \u0107e mo\u0107i da u\u017eiva u razli\u010ditim kamernim sastavima i muzici razli\u010ditih epoha, kako u genijalnim kompozicijama zapadnoevropskih kompozitora, tako i na\u0161im doma\u0107im. Vo\u0111eno je ra\u010duna o potrebama i interesovanjima publike.<\/p>\n\n<p>Vrnja\u010dka Banja je destinacija prepoznatl\u0458iva po velikom broju doga\u0111aja i manifestacija, ali kulturni doga\u0111aj ovog tipa nije postojao i nadamo se da \u0107e doprineti raznovrsnosti turisti\u010dkog sadr\u017eaja, kreiranju dobrog muzi\u010dkog ukusa i promociji klasi\u010dne muzike.<\/p>\n\n<p>Anga\u017eovani su najbol\u0458i muzi\u010dari iz zeml\u0458e i inostranstva (\u0160vajcaske, Engleske i Nema\u010dke).<\/p>\n\n<hr class=\"wp-block-separator has-css-opacity\"\/>\n\n<h1 class=\"has-medium-font-size wp-block-heading\" id=\"internacionalni-festival-pozorista\">Internacionalni Festival Pozori\u0161ta<\/h1>\n\n<p><\/p>\n\n<p>Cilj je da se kulturne i umetni\u010dke potrebe stanovnika Srbije ne samo zadovolje, ve\u0107 i podignu na vi\u0161i nivo, a u kontekstu unapre\u0111enja nacionalnog kulturnog identiteta. Ovaj festival prevazilazi jaz izme\u0111u realnih potreba publike i (ne)dostupnosti kulturnih i umetni\u010dkih sadr\u017eaja van prestonice, kroz doprinos decentralizaciji kulture i umetnosti i njihovom pribli\u017eavanju stanovnicima centralne Srbije, Ra\u0161kog okruga i \u0161ire. Ovaj festival istovremeno afirmi\u0161e mlade i posebno talentovane doma\u0107e stvaraoce, dok isti\u010de i ono najbolje \u0161to nudi etablirana srpska pozori\u0161na i kulturna scena. <\/p>\n<div class=\"wp-block-image\">\n<figure class=\"aligncenter size-full is-resized\"><img loading=\"lazy\" decoding=\"async\" src=\"http:\/\/vrnjackabanja.co.rs\/wp-content\/uploads\/2022\/02\/186264958_257771915774215_4475277511434107020_n.jpg\" alt=\"\" class=\"wp-image-1530\" width=\"488\" height=\"481\" srcset=\"https:\/\/vrnjackabanja.co.rs\/wp-content\/uploads\/2022\/02\/186264958_257771915774215_4475277511434107020_n.jpg 530w, https:\/\/vrnjackabanja.co.rs\/wp-content\/uploads\/2022\/02\/186264958_257771915774215_4475277511434107020_n-300x296.jpg 300w\" sizes=\"auto, (max-width: 488px) 100vw, 488px\" \/><\/figure>\n<\/div>\n<p>Tako\u0111e, festival promovi\u0161e srpsku kulturu i umetnost u regionu i svetu, dok paralelno doma\u0107oj javnosti nudi najbolje internacionalne primere kulturnog i umetni\u010dkog stvarala\u0161tva. Na taj na\u010din IFP nastoji da bude najbolji ambasador kulture i umetnosti Srbije. IFP je apoliti\u010dna i van-ideolo\u0161ka forma, koja se bavi isklju\u010divo afirmativnom kritikom sociolo\u0161kih, kulturolo\u0161kih i drugih fenomena savremenog, neretko konzumeristi\u010dkog i materijalisti\u010dkog, \u017eivota u cilju unapre\u0111enja kvaliteta li\u010dnosti i pojedina\u010dnog i kolektivnog integriteta, kroz ispravnu percepciju kulture i umetnosti. Time je uloga IFP-a mnogo zna\u010dajnija, jer publici nudi sadr\u017eaje koji su kontra te\u017ea savremenim medijskim formama \u010dija je isklju\u010diva namena masovna gledanost, bez fokusa na kvalitet kreiranih i plasiranih sadr\u017eaja.<\/p>\n\n<p><a href=\"https:\/\/www.facebook.com\/ifpvb\/about_contact_and_basic_info\">https:\/\/www.facebook.com\/ifpvb\/about_contact_and_basic_info<\/a><\/p>\n\n<hr class=\"wp-block-separator has-css-opacity\"\/>\n\n<p><\/p>\n\n<h1 class=\"has-medium-font-size wp-block-heading\">Festival folklora \u201eD\u017eivd\u017ean fest&#187;<\/h1>\n\n<p><\/p>\n\n<p>Festival \u201eD\u017eivd\u017ean fest&#187; je osmi\u0161ljen kao vid promocije multikulturalnosti, koji ce okupiti mlade ljude oko zajedni\u010dke ideje, \u0161irenja kulture i umetnosti na kreativan na\u010din kao i da afirmi\u0161e saradnju i zajedni\u0161tvo mla\u0111ih generacija.<\/p>\n\n<p><\/p>\n\n<figure class=\"wp-block-image size-full\"><img loading=\"lazy\" decoding=\"async\" width=\"960\" height=\"540\" src=\"http:\/\/vrnjackabanja.co.rs\/wp-content\/uploads\/2022\/03\/273681424_1838961222959528_3652022569640542072_n-edited.jpg\" alt=\"\" class=\"wp-image-2248\" srcset=\"https:\/\/vrnjackabanja.co.rs\/wp-content\/uploads\/2022\/03\/273681424_1838961222959528_3652022569640542072_n-edited.jpg 960w, https:\/\/vrnjackabanja.co.rs\/wp-content\/uploads\/2022\/03\/273681424_1838961222959528_3652022569640542072_n-edited-300x169.jpg 300w, https:\/\/vrnjackabanja.co.rs\/wp-content\/uploads\/2022\/03\/273681424_1838961222959528_3652022569640542072_n-edited-768x432.jpg 768w\" sizes=\"auto, (max-width: 960px) 100vw, 960px\" \/><\/figure>\n\n<p><\/p>\n\n<p>\u017delja organizatora je da  \u0161to ve\u0107i broj kulturno-umetni\u010dkih dru\u0161tava budu deo ove manifestacije i da svojom pesmom, igrom i mlado\u0161\u0107u poka\u017eu svu lepotu mesta iz kog dolaze, a sve gra\u0111ane, goste i ljubitelje Vrnja\u010dke Banje da u\u017eivaju u bogatstvu razli\u010ditosti koja \u0107e biti predstavljena na Festivalu folklora \u201eD\u017eivd\u017ean fest 2022.\u201c<\/p>\n\n<p>Festival je takmi\u010darskog karaktera &#8212; u\u010de\u0161\u0107e mogu uzeti folklorni ansambli.<\/p>\n\n<figure class=\"wp-block-image size-large\"><img loading=\"lazy\" decoding=\"async\" width=\"1801\" height=\"1013\" src=\"http:\/\/vrnjackabanja.co.rs\/wp-content\/uploads\/2022\/03\/81706595_1215831118605878_6693060546259845120_n-1-edited.jpg\" alt=\"\" class=\"wp-image-2244\" srcset=\"https:\/\/vrnjackabanja.co.rs\/wp-content\/uploads\/2022\/03\/81706595_1215831118605878_6693060546259845120_n-1-edited.jpg 1801w, https:\/\/vrnjackabanja.co.rs\/wp-content\/uploads\/2022\/03\/81706595_1215831118605878_6693060546259845120_n-1-edited-300x169.jpg 300w, https:\/\/vrnjackabanja.co.rs\/wp-content\/uploads\/2022\/03\/81706595_1215831118605878_6693060546259845120_n-1-edited-1024x576.jpg 1024w, https:\/\/vrnjackabanja.co.rs\/wp-content\/uploads\/2022\/03\/81706595_1215831118605878_6693060546259845120_n-1-edited-768x432.jpg 768w, https:\/\/vrnjackabanja.co.rs\/wp-content\/uploads\/2022\/03\/81706595_1215831118605878_6693060546259845120_n-1-edited-1536x864.jpg 1536w\" sizes=\"auto, (max-width: 1801px) 100vw, 1801px\" \/><\/figure>\n\n<p>Neka folklor bude most prijateljstva koji nas spaja i vodono\u0161a na izvoru koji nas poji igrama i pesmama.<\/p>\n\n<p><br\/><a rel=\"noreferrer noopener\" href=\"http:\/\/dzivdzanfest.kzmvbanja.com\/\" target=\"_blank\">http:\/\/dzivdzanfest.kzmvbanja.com\/<\/a><\/p>\n\n<p><blockquote class=\"wp-embedded-content\" data-secret=\"Hz88vpwb4s\"><a href=\"http:\/\/www.kzmvbanja.com\/\">\u041d\u0410\u0421\u041b\u041e\u0412\u041d\u0410 \u0421\u0422\u0420\u0410\u041d\u0410<\/a><\/blockquote><iframe loading=\"lazy\" class=\"wp-embedded-content\" sandbox=\"allow-scripts\" security=\"restricted\" style=\"position: absolute; clip: rect(1px, 1px, 1px, 1px);\" title=\"&#132;\u041d\u0410\u0421\u041b\u041e\u0412\u041d\u0410 \u0421\u0422\u0420\u0410\u041d\u0410&#147; &#8212; \u041a\u0410\u041d\u0426\u0415\u041b\u0410\u0420\u0418\u0408\u0410 \u0417\u0410 \u041c\u041b\u0410\u0414\u0415 \u0412\u0420\u040a\u0410\u0427\u041a\u0410 \u0411\u0410\u040a\u0410\" src=\"http:\/\/www.kzmvbanja.com\/embed\/#?secret=Hz88vpwb4s\" data-secret=\"Hz88vpwb4s\" width=\"500\" height=\"282\" frameborder=\"0\" marginwidth=\"0\" marginheight=\"0\" scrolling=\"no\"><\/iframe><\/p>\n\n<hr class=\"wp-block-separator has-css-opacity\"\/>\n\n<h2 class=\"wp-block-heading\">Festival vina<\/h2>\n\n<p><\/p>\n\n<p>\u201eVrnja\u010dki festival vina&#187;, nova vinska manifestacija u parku kod Muzi\u010dkog paviljona, odr\u017eava se u mesecu avgustu u parku kod Muzi\u010dkog paviljona.                                                                                                                                                                                                                                                                                                                                                                                                        Vrnja\u010dka Banja ugosti\u0107e najbolje vinare Srbije u okviru vinskog Festvala vina koji \u0107e se tradicionalno odr\u017eavati u hladovini parka i u neposrednoj blizini Vrnja\u010dke reke.<\/p>\n\n<p><\/p>\n\n<figure class=\"wp-block-image size-large\"><img loading=\"lazy\" decoding=\"async\" width=\"1024\" height=\"678\" src=\"http:\/\/vrnjackabanja.co.rs\/wp-content\/uploads\/2022\/03\/kliknasvetlost_714_49120_full-1024x678.jpg\" alt=\"\" class=\"wp-image-2259\" srcset=\"https:\/\/vrnjackabanja.co.rs\/wp-content\/uploads\/2022\/03\/kliknasvetlost_714_49120_full-1024x678.jpg 1024w, https:\/\/vrnjackabanja.co.rs\/wp-content\/uploads\/2022\/03\/kliknasvetlost_714_49120_full-300x199.jpg 300w, https:\/\/vrnjackabanja.co.rs\/wp-content\/uploads\/2022\/03\/kliknasvetlost_714_49120_full-768x509.jpg 768w, https:\/\/vrnjackabanja.co.rs\/wp-content\/uploads\/2022\/03\/kliknasvetlost_714_49120_full.jpg 1208w\" sizes=\"auto, (max-width: 1024px) 100vw, 1024px\" \/><\/figure>\n\n<p><\/p>\n\n<p>Na Festivalu izla\u017ee oko tridesetak izlaga\u010da vina, a u prate\u0107em programu izla\u017eu i proizvo\u0111a\u010di rakije, hrane kao i proizvo\u0111a\u010d buradi.<\/p>\n\n<hr class=\"wp-block-separator has-css-opacity\"\/>\n\n<p><\/p>\n\n<p><\/p>\n","protected":false},"excerpt":{"rendered":"<p>Festival Filmskog scenarija Festival filmskog scenarija je festival koji je posve\u0107en isklju\u010divo filmskom scenariju Odr\u017eava se svake godine sredinom ili krajem avgusta u Vrnja\u010dkoj Banji Jedan od najzna\u010dajnijih segmenata Vrnja\u010dkih [&hellip;]<\/p>\n","protected":false},"author":1,"featured_media":4033,"parent":0,"menu_order":0,"comment_status":"closed","ping_status":"closed","template":"","meta":{"_acf_changed":false,"footnotes":""},"class_list":["post-4031","page","type-page","status-publish","has-post-thumbnail","hentry"],"acf":[],"_links":{"self":[{"href":"https:\/\/vrnjackabanja.co.rs\/ru\/wp-json\/wp\/v2\/pages\/4031","targetHints":{"allow":["GET"]}}],"collection":[{"href":"https:\/\/vrnjackabanja.co.rs\/ru\/wp-json\/wp\/v2\/pages"}],"about":[{"href":"https:\/\/vrnjackabanja.co.rs\/ru\/wp-json\/wp\/v2\/types\/page"}],"author":[{"embeddable":true,"href":"https:\/\/vrnjackabanja.co.rs\/ru\/wp-json\/wp\/v2\/users\/1"}],"replies":[{"embeddable":true,"href":"https:\/\/vrnjackabanja.co.rs\/ru\/wp-json\/wp\/v2\/comments?post=4031"}],"version-history":[{"count":3,"href":"https:\/\/vrnjackabanja.co.rs\/ru\/wp-json\/wp\/v2\/pages\/4031\/revisions"}],"predecessor-version":[{"id":7925,"href":"https:\/\/vrnjackabanja.co.rs\/ru\/wp-json\/wp\/v2\/pages\/4031\/revisions\/7925"}],"wp:featuredmedia":[{"embeddable":true,"href":"https:\/\/vrnjackabanja.co.rs\/ru\/wp-json\/wp\/v2\/media\/4033"}],"wp:attachment":[{"href":"https:\/\/vrnjackabanja.co.rs\/ru\/wp-json\/wp\/v2\/media?parent=4031"}],"curies":[{"name":"wp","href":"https:\/\/api.w.org\/{rel}","templated":true}]}}