{"id":3328,"date":"2022-02-08T12:57:06","date_gmt":"2022-02-08T11:57:06","guid":{"rendered":"http:\/\/vrnjackabanja.co.rs\/crkveno-brdo\/"},"modified":"2022-10-28T12:23:48","modified_gmt":"2022-10-28T10:23:48","slug":"en-crkveno-brdo","status":"publish","type":"page","link":"https:\/\/vrnjackabanja.co.rs\/en\/en-crkveno-brdo\/","title":{"rendered":"Crkveno brdo"},"content":{"rendered":"\n<p><\/p>\n\n\n\n<p>Crkveno or \u010cajkino brdo is a volcanic rock in the heart of Banja which has been declared a spatial cultural-historical unit thanks to its unique vegetation, geomorphological forms, and spatial position. There is a story about this beautiful hill in the center of Banja, whose changing name throughout history depicted epochs from Kr\u0161 (karst) to Stena (rock), through Crkveno (church), Aleksandrovo, to \u010cajkino hill. <\/p>\n\n\n\n<p><\/p>\n\n\n\n<figure class=\"wp-block-image size-full\"><img loading=\"lazy\" decoding=\"async\" width=\"1024\" height=\"663\" src=\"http:\/\/vrnjackabanja.co.rs\/wp-content\/uploads\/2022\/04\/Izvor-vruce-vode-1-1024x663-1.jpg\" alt=\"\" class=\"wp-image-2651\" srcset=\"https:\/\/vrnjackabanja.co.rs\/wp-content\/uploads\/2022\/04\/Izvor-vruce-vode-1-1024x663-1.jpg 1024w, https:\/\/vrnjackabanja.co.rs\/wp-content\/uploads\/2022\/04\/Izvor-vruce-vode-1-1024x663-1-300x194.jpg 300w, https:\/\/vrnjackabanja.co.rs\/wp-content\/uploads\/2022\/04\/Izvor-vruce-vode-1-1024x663-1-768x497.jpg 768w\" sizes=\"auto, (max-width: 1024px) 100vw, 1024px\" \/><\/figure>\n\n\n\n<p><\/p>\n\n\n\n<p>As &#8220;Banja i turizam&#8221; newspaper has had its headquarters here since its foundation in 1929, it has been visited by tourism representatives from other places similar to ours. Touring and sighting Banja with the then-mayor and tourist workers, they stood in front of the hill. Amazed by its beauty, they commented: &#8220;Well, you Banja townsmen move mountains to attract guests,&#8221; thinking the hill was brought as part of our propaganda.<\/p>\n\n\n\n<p><\/p>\n\n\n<div class=\"wp-block-image\">\n<figure class=\"aligncenter size-full is-resized\"><img loading=\"lazy\" decoding=\"async\" src=\"http:\/\/vrnjackabanja.co.rs\/wp-content\/uploads\/2022\/03\/4-stena.jpg\" alt=\"\" class=\"wp-image-1886\" width=\"834\" height=\"643\" srcset=\"https:\/\/vrnjackabanja.co.rs\/wp-content\/uploads\/2022\/03\/4-stena.jpg 887w, https:\/\/vrnjackabanja.co.rs\/wp-content\/uploads\/2022\/03\/4-stena-300x232.jpg 300w, https:\/\/vrnjackabanja.co.rs\/wp-content\/uploads\/2022\/03\/4-stena-768x593.jpg 768w\" sizes=\"auto, (max-width: 834px) 100vw, 834px\" \/><\/figure>\n<\/div>\n\n\n<hr class=\"wp-block-separator has-css-opacity\"\/>\n\n\n\n<p><\/p>\n\n\n\n<p>The summer stage was renovated in 2017 and has 1,500 seats. The people of Vrnja\u010dka Banja have always nurtured culture, and the summer stage is a place that has attracted many visitors over the years, both from the surroundings of Vrnja\u010dka Banja and beyond.<\/p>\n\n\n\n<p><\/p>\n\n\n<div class=\"wp-block-image\">\n<figure class=\"aligncenter size-full\"><img loading=\"lazy\" decoding=\"async\" width=\"1024\" height=\"683\" src=\"http:\/\/vrnjackabanja.co.rs\/wp-content\/uploads\/2022\/09\/letnja-crop.jpg\" alt=\"\" class=\"wp-image-9174\" srcset=\"https:\/\/vrnjackabanja.co.rs\/wp-content\/uploads\/2022\/09\/letnja-crop.jpg 1024w, https:\/\/vrnjackabanja.co.rs\/wp-content\/uploads\/2022\/09\/letnja-crop-300x200.jpg 300w, https:\/\/vrnjackabanja.co.rs\/wp-content\/uploads\/2022\/09\/letnja-crop-768x512.jpg 768w\" sizes=\"auto, (max-width: 1024px) 100vw, 1024px\" \/><\/figure>\n<\/div>\n\n\n<p><\/p>\n\n\n\n<p>In memory of the great Serbian actor Danilo Bata Stojkovi\u0107, his <strong>Memorial Room<\/strong> was opened within the amphitheater that has been named after him since 2010. That is how the most valuable of his possessions became available to the public. The Memorial Room on the Vrnja\u010dka Summer Stage symbolizes the tie between the legendary actor and the most famous Serbian spa. The giant whose appearance used to gravitate crowds toward the Spa is still alive for the people of Vrnja\u010dka Banja. And they still see him in a room filled with his books and personal belongings.<\/p>\n\n\n\n<p><\/p>\n\n\n<div class=\"wp-block-image\">\n<figure class=\"aligncenter size-full\"><img loading=\"lazy\" decoding=\"async\" width=\"906\" height=\"513\" src=\"http:\/\/vrnjackabanja.co.rs\/wp-content\/uploads\/2022\/04\/205648_vrnjacka-banja-spomen-soba-danila-bate-stojkovica-u-vrnjackoj-banji-04-1603-2022-foto-goran-sljivic_f.jpg\" alt=\"\" class=\"wp-image-2578\" srcset=\"https:\/\/vrnjackabanja.co.rs\/wp-content\/uploads\/2022\/04\/205648_vrnjacka-banja-spomen-soba-danila-bate-stojkovica-u-vrnjackoj-banji-04-1603-2022-foto-goran-sljivic_f.jpg 906w, https:\/\/vrnjackabanja.co.rs\/wp-content\/uploads\/2022\/04\/205648_vrnjacka-banja-spomen-soba-danila-bate-stojkovica-u-vrnjackoj-banji-04-1603-2022-foto-goran-sljivic_f-300x170.jpg 300w, https:\/\/vrnjackabanja.co.rs\/wp-content\/uploads\/2022\/04\/205648_vrnjacka-banja-spomen-soba-danila-bate-stojkovica-u-vrnjackoj-banji-04-1603-2022-foto-goran-sljivic_f-768x435.jpg 768w\" sizes=\"auto, (max-width: 906px) 100vw, 906px\" \/><\/figure>\n<\/div>\n\n\n<p><\/p>\n\n\n\n<p>In this room, visitors and admirers of Bata&#8217;s character and work will be able to see his personal belongings &#8211; suit, ties, cigar holder and pipe, ashtray from Atelier 212, umbrella, cane, original scripts for s legendary roles, books he loved to read, favorite armchair, newspaper clippings, photographs from filming and theater performances, some of the many significant awards and recognitions.<\/p>\n\n\n\n<p><\/p>\n\n\n\n<figure class=\"wp-block-gallery has-nested-images columns-default is-cropped wp-block-gallery-1 is-layout-flex wp-block-gallery-is-layout-flex\">\n<figure class=\"wp-block-image size-full\"><img loading=\"lazy\" decoding=\"async\" width=\"663\" height=\"390\" data-id=\"2752\" src=\"http:\/\/vrnjackabanja.co.rs\/wp-content\/uploads\/2022\/04\/516023_sara-i-natasa-1_f.jpg\" alt=\"\" class=\"wp-image-2752\" srcset=\"https:\/\/vrnjackabanja.co.rs\/wp-content\/uploads\/2022\/04\/516023_sara-i-natasa-1_f.jpg 663w, https:\/\/vrnjackabanja.co.rs\/wp-content\/uploads\/2022\/04\/516023_sara-i-natasa-1_f-300x176.jpg 300w\" sizes=\"auto, (max-width: 663px) 100vw, 663px\" \/><\/figure>\n\n\n\n<figure class=\"wp-block-image size-full\"><img loading=\"lazy\" decoding=\"async\" width=\"677\" height=\"509\" data-id=\"2753\" src=\"http:\/\/vrnjackabanja.co.rs\/wp-content\/uploads\/2022\/04\/516017_viber-image-2022-01-10-10-32-38-083-copy_orig-edited.jpg\" alt=\"\" class=\"wp-image-2753\" srcset=\"https:\/\/vrnjackabanja.co.rs\/wp-content\/uploads\/2022\/04\/516017_viber-image-2022-01-10-10-32-38-083-copy_orig-edited.jpg 677w, https:\/\/vrnjackabanja.co.rs\/wp-content\/uploads\/2022\/04\/516017_viber-image-2022-01-10-10-32-38-083-copy_orig-edited-300x226.jpg 300w\" sizes=\"auto, (max-width: 677px) 100vw, 677px\" \/><\/figure>\n<\/figure>\n\n\n\n<hr class=\"wp-block-separator has-css-opacity\"\/>\n\n\n\n<p><\/p>\n\n\n\n<p>Crkveno brdo stretches over \u200b\u200b24 hectares. Its rich vegetation boasts 173 plant species. Oak and Turkey oak communities around the spa church with specimens over 100 years old are its most significant wealth. There are 49 buildings protected as cultural and historical monuments on \u010cajkino brdo. Most of these buildings are villas. There is also the parish house, amphitheater, and the Church of the Nativity of the Most Holy Mother of God, the oldest architecturally significant building in the spa.<\/p>\n\n\n\n<p><\/p>\n\n\n<div class=\"wp-block-image\">\n<figure class=\"aligncenter size-large\"><img loading=\"lazy\" decoding=\"async\" width=\"1024\" height=\"759\" src=\"http:\/\/vrnjackabanja.co.rs\/wp-content\/uploads\/2022\/04\/Crkva-1980-1024x759.jpg\" alt=\"\" class=\"wp-image-7838\" srcset=\"https:\/\/vrnjackabanja.co.rs\/wp-content\/uploads\/2022\/04\/Crkva-1980-1024x759.jpg 1024w, https:\/\/vrnjackabanja.co.rs\/wp-content\/uploads\/2022\/04\/Crkva-1980-300x222.jpg 300w, https:\/\/vrnjackabanja.co.rs\/wp-content\/uploads\/2022\/04\/Crkva-1980-768x569.jpg 768w, https:\/\/vrnjackabanja.co.rs\/wp-content\/uploads\/2022\/04\/Crkva-1980-1536x1139.jpg 1536w, https:\/\/vrnjackabanja.co.rs\/wp-content\/uploads\/2022\/04\/Crkva-1980.jpg 1655w\" sizes=\"auto, (max-width: 1024px) 100vw, 1024px\" \/><\/figure>\n<\/div>\n\n<div class=\"wp-block-image\">\n<figure class=\"aligncenter size-large\"><img loading=\"lazy\" decoding=\"async\" width=\"714\" height=\"1024\" src=\"http:\/\/vrnjackabanja.co.rs\/wp-content\/uploads\/2022\/03\/121190586_1779704732185231_6483080990576027509_n-714x1024.jpg\" alt=\"\" class=\"wp-image-1923\" srcset=\"https:\/\/vrnjackabanja.co.rs\/wp-content\/uploads\/2022\/03\/121190586_1779704732185231_6483080990576027509_n-714x1024.jpg 714w, https:\/\/vrnjackabanja.co.rs\/wp-content\/uploads\/2022\/03\/121190586_1779704732185231_6483080990576027509_n-209x300.jpg 209w, https:\/\/vrnjackabanja.co.rs\/wp-content\/uploads\/2022\/03\/121190586_1779704732185231_6483080990576027509_n-768x1101.jpg 768w, https:\/\/vrnjackabanja.co.rs\/wp-content\/uploads\/2022\/03\/121190586_1779704732185231_6483080990576027509_n.jpg 1000w\" sizes=\"auto, (max-width: 714px) 100vw, 714px\" \/><\/figure>\n<\/div>\n\n\n<hr class=\"wp-block-separator has-css-opacity\"\/>\n\n\n\n<p>The underground tunnel dates back to World War II and is open to visitors after almost 80 years. It is a tunnel located under the famous summer stage.<\/p>\n\n\n\n<p>The new tourist attraction, 130 meters long, is enriched with contents from the history of this place. After the reconstruction, visitors will have the opportunity to get a picture of the spa&#8217;s development from the Roman period, through the Turkish and German occupations, to the present day, thanks to the exhibited models and objects. Furthermore, these exhibition spaces will present numerous weapons, cannons, rifles, crossbows, tools, armors, German and partisan uniforms, and various objects found during archeological excavations.<\/p>\n\n\n\n<p>The tunnel will retain its authenticity following the Institute for the Protection of Monuments provisions. Certain parts will be repaired primarily to ensure the safety of visitors.<\/p>\n\n\n\n<p><\/p>\n\n\n\n<figure class=\"wp-block-image size-full\"><img loading=\"lazy\" decoding=\"async\" width=\"1024\" height=\"576\" src=\"http:\/\/vrnjackabanja.co.rs\/wp-content\/uploads\/2022\/03\/1622126501-IMG-14cac8103db9a1fb75e4fe3fc41f1153-V-1024x576-1.jpg\" alt=\"\" class=\"wp-image-1890\" srcset=\"https:\/\/vrnjackabanja.co.rs\/wp-content\/uploads\/2022\/03\/1622126501-IMG-14cac8103db9a1fb75e4fe3fc41f1153-V-1024x576-1.jpg 1024w, https:\/\/vrnjackabanja.co.rs\/wp-content\/uploads\/2022\/03\/1622126501-IMG-14cac8103db9a1fb75e4fe3fc41f1153-V-1024x576-1-300x169.jpg 300w, https:\/\/vrnjackabanja.co.rs\/wp-content\/uploads\/2022\/03\/1622126501-IMG-14cac8103db9a1fb75e4fe3fc41f1153-V-1024x576-1-768x432.jpg 768w\" sizes=\"auto, (max-width: 1024px) 100vw, 1024px\" \/><\/figure>\n\n\n\n<p><\/p>\n\n\n\n<p>The tunnel was planned to be a shelter for the German General Staff for Southeast Europe. The excavation began in 1942 and was led by General Alexander L\u00f6hr, commander of German troops in the Balkans and Southeast Europe, leader of the Operation R\u00f6sselsprung, and commander of the April 6 Belgrade bombing. Interestingly, the tunnel was broken through only in 1944, after a year and a half, when the two teams met in the middle of Crkveno brdo, digging each on its side at the same time. There are seven rooms in the tunnel. The second started tunnel arm in the direction of the market on one side, and villa &#8220;Pe\u0107&#8221; on the other, was not completed.<\/p>\n\n\n\n<p>Villa &#8220;Turkulovi\u0107,&#8221; which changed its name after World War II and is today called Villa &#8220;Partizanka,&#8221; is connected by the tunnel with Crkveno brdo and the former German headquarters. Villa Turkulovi\u0107 is known as the place where Operation R\u00f6sselsprung was planned. It was led from this villa by famous Otto Skorzeny.<\/p>\n\n\n\n<p>The &#8220;Muse with the Phoenix&#8221; monument was erected in 1984 after the idea of \u200b\u200bBo\u0161ko Ru\u0111i\u010danin and was brought to life by sculptor Draga\u0161a Obradovi\u0107. It was set on Crkveno brdo, above the main spa square, where the &#8220;Great Poetry Meeting&#8221; had been held since 1919 with the participation of about twenty poets. In 1988, the bronze figure was a stylized representation of a girl in a step forward, holding a bird in her hand &#8211; a phoenix. It symbolizes Euterpe, the muse of poetry.<\/p>\n\n\n\n<p><\/p>\n\n\n\n<figure class=\"wp-block-image size-large\"><img loading=\"lazy\" decoding=\"async\" width=\"1024\" height=\"683\" src=\"http:\/\/vrnjackabanja.co.rs\/wp-content\/uploads\/2022\/09\/0V0A8811-min-1-1024x683.jpg\" alt=\"\" class=\"wp-image-8905\" srcset=\"https:\/\/vrnjackabanja.co.rs\/wp-content\/uploads\/2022\/09\/0V0A8811-min-1-1024x683.jpg 1024w, https:\/\/vrnjackabanja.co.rs\/wp-content\/uploads\/2022\/09\/0V0A8811-min-1-300x200.jpg 300w, https:\/\/vrnjackabanja.co.rs\/wp-content\/uploads\/2022\/09\/0V0A8811-min-1-768x512.jpg 768w, https:\/\/vrnjackabanja.co.rs\/wp-content\/uploads\/2022\/09\/0V0A8811-min-1-1536x1024.jpg 1536w, https:\/\/vrnjackabanja.co.rs\/wp-content\/uploads\/2022\/09\/0V0A8811-min-1-2048x1365.jpg 2048w\" sizes=\"auto, (max-width: 1024px) 100vw, 1024px\" \/><\/figure>\n\n\n\n<hr class=\"wp-block-separator has-css-opacity\"\/>\n\n\n\n<p>With the reconstruction of Crkveni brdo in 2018, an artificial waterfall was created, which has certainly become one of the biggest tourist attractions of Vrnja\u010dka Banja.<\/p>\n\n\n\n<p id=\"tw-target-rmn\"><\/p>\n\n\n\n<figure class=\"wp-block-image size-large\"><img loading=\"lazy\" decoding=\"async\" width=\"1024\" height=\"683\" src=\"http:\/\/vrnjackabanja.co.rs\/wp-content\/uploads\/2022\/09\/0V0A6987-min-1024x683.jpg\" alt=\"\" class=\"wp-image-8893\" srcset=\"https:\/\/vrnjackabanja.co.rs\/wp-content\/uploads\/2022\/09\/0V0A6987-min-1024x683.jpg 1024w, https:\/\/vrnjackabanja.co.rs\/wp-content\/uploads\/2022\/09\/0V0A6987-min-300x200.jpg 300w, https:\/\/vrnjackabanja.co.rs\/wp-content\/uploads\/2022\/09\/0V0A6987-min-768x512.jpg 768w, https:\/\/vrnjackabanja.co.rs\/wp-content\/uploads\/2022\/09\/0V0A6987-min-1536x1024.jpg 1536w, https:\/\/vrnjackabanja.co.rs\/wp-content\/uploads\/2022\/09\/0V0A6987-min-2048x1365.jpg 2048w\" sizes=\"auto, (max-width: 1024px) 100vw, 1024px\" \/><\/figure>\n\n\n\n<p> <\/p>\n\n\n\n<p>A must for lovers of photography, but also the starting point of the Bo\u0161ko Ru\u0111i\u010danin trail leading to the &#8220;Danilo Bata Stojkovi\u0107&#8221; Amphitheater. Bo\u0161ko Ru\u0111i\u010danin was an honored citizen of Vrnja\u010dka Banja, a poet, and long-term head of the Cultural Center in Vrnja\u010dka Banja, the founder of the Film Screenplay Festival, and the editor of the <em>Zamak kulture <\/em>magazine.<\/p>\n\n\n\n<p><\/p>\n\n\n\n<figure class=\"wp-block-image size-large\"><img loading=\"lazy\" decoding=\"async\" width=\"1024\" height=\"768\" src=\"http:\/\/vrnjackabanja.co.rs\/wp-content\/uploads\/2022\/10\/xz-vzxv-1024x768.jpg\" alt=\"\" class=\"wp-image-9877\" srcset=\"https:\/\/vrnjackabanja.co.rs\/wp-content\/uploads\/2022\/10\/xz-vzxv-1024x768.jpg 1024w, https:\/\/vrnjackabanja.co.rs\/wp-content\/uploads\/2022\/10\/xz-vzxv-300x225.jpg 300w, https:\/\/vrnjackabanja.co.rs\/wp-content\/uploads\/2022\/10\/xz-vzxv-768x576.jpg 768w, https:\/\/vrnjackabanja.co.rs\/wp-content\/uploads\/2022\/10\/xz-vzxv.jpg 1080w\" sizes=\"auto, (max-width: 1024px) 100vw, 1024px\" \/><\/figure>\n\n\n\n<p>On Crkveno brdo, there is a fully arranged 3 km long pedestrian trail named after Patriarch Pavle. In addition, the park area abounding with plants has been revamped.<\/p>\n\n\n\n<p><\/p>\n\n\n\n<figure class=\"wp-block-image size-large\"><img loading=\"lazy\" decoding=\"async\" width=\"1024\" height=\"683\" src=\"http:\/\/vrnjackabanja.co.rs\/wp-content\/uploads\/2022\/09\/0V0A8782-min-1024x683.jpg\" alt=\"\" class=\"wp-image-8897\" srcset=\"https:\/\/vrnjackabanja.co.rs\/wp-content\/uploads\/2022\/09\/0V0A8782-min-1024x683.jpg 1024w, https:\/\/vrnjackabanja.co.rs\/wp-content\/uploads\/2022\/09\/0V0A8782-min-300x200.jpg 300w, https:\/\/vrnjackabanja.co.rs\/wp-content\/uploads\/2022\/09\/0V0A8782-min-768x512.jpg 768w, https:\/\/vrnjackabanja.co.rs\/wp-content\/uploads\/2022\/09\/0V0A8782-min-1536x1024.jpg 1536w, https:\/\/vrnjackabanja.co.rs\/wp-content\/uploads\/2022\/09\/0V0A8782-min-2048x1365.jpg 2048w\" sizes=\"auto, (max-width: 1024px) 100vw, 1024px\" \/><\/figure>\n\n\n\n<p><\/p>\n","protected":false},"excerpt":{"rendered":"<p>Crkveno or \u010cajkino brdo is a volcanic rock in the heart of Banja which has been declared a spatial cultural-historical unit thanks to its unique vegetation, geomorphological forms, and spatial [&hellip;]<\/p>\n","protected":false},"author":1,"featured_media":8806,"parent":0,"menu_order":0,"comment_status":"closed","ping_status":"closed","template":"","meta":{"_acf_changed":false,"footnotes":""},"class_list":["post-3328","page","type-page","status-publish","has-post-thumbnail","hentry"],"acf":[],"_links":{"self":[{"href":"https:\/\/vrnjackabanja.co.rs\/en\/wp-json\/wp\/v2\/pages\/3328","targetHints":{"allow":["GET"]}}],"collection":[{"href":"https:\/\/vrnjackabanja.co.rs\/en\/wp-json\/wp\/v2\/pages"}],"about":[{"href":"https:\/\/vrnjackabanja.co.rs\/en\/wp-json\/wp\/v2\/types\/page"}],"author":[{"embeddable":true,"href":"https:\/\/vrnjackabanja.co.rs\/en\/wp-json\/wp\/v2\/users\/1"}],"replies":[{"embeddable":true,"href":"https:\/\/vrnjackabanja.co.rs\/en\/wp-json\/wp\/v2\/comments?post=3328"}],"version-history":[{"count":5,"href":"https:\/\/vrnjackabanja.co.rs\/en\/wp-json\/wp\/v2\/pages\/3328\/revisions"}],"predecessor-version":[{"id":9882,"href":"https:\/\/vrnjackabanja.co.rs\/en\/wp-json\/wp\/v2\/pages\/3328\/revisions\/9882"}],"wp:featuredmedia":[{"embeddable":true,"href":"https:\/\/vrnjackabanja.co.rs\/en\/wp-json\/wp\/v2\/media\/8806"}],"wp:attachment":[{"href":"https:\/\/vrnjackabanja.co.rs\/en\/wp-json\/wp\/v2\/media?parent=3328"}],"curies":[{"name":"wp","href":"https:\/\/api.w.org\/{rel}","templated":true}]}}