{"id":3738,"date":"2022-01-18T12:20:43","date_gmt":"2022-01-18T11:20:43","guid":{"rendered":"http:\/\/vrnjackabanja.co.rs\/turisticke-atrakcije\/"},"modified":"2022-09-14T09:19:04","modified_gmt":"2022-09-14T07:19:04","slug":"touristische-attraktionen","status":"publish","type":"page","link":"https:\/\/vrnjackabanja.co.rs\/de\/touristische-attraktionen\/","title":{"rendered":"TOURISTISCHE ATTRAKTIONEN"},"content":{"rendered":"\n<p><\/p>\n\n\n\n<p>Den zentralen Ort im Leben von Vrnja\u010dka Banja stellt die Promenade dar. Das ist eine wundersch\u00f6ne Spazierzone, die sich auf einer Seite entlang des Flusses Vrnja\u010dka reka erstreckt und auf der anderen Seite befinden sich Cafes, Restaurants, Gesch\u00e4fte und noch vieles mehr, was die Aufmerksamkeit der Spazierg\u00e4nger auf sich zieht.<\/p>\n\n\n\n<p><\/p>\n\n\n\n<figure class=\"wp-block-image size-large\"><img loading=\"lazy\" decoding=\"async\" width=\"1024\" height=\"683\" src=\"http:\/\/vrnjackabanja.co.rs\/wp-content\/uploads\/2022\/09\/0V0A8214-min-1024x683.jpg\" alt=\"\" class=\"wp-image-9171\" srcset=\"https:\/\/vrnjackabanja.co.rs\/wp-content\/uploads\/2022\/09\/0V0A8214-min-1024x683.jpg 1024w, https:\/\/vrnjackabanja.co.rs\/wp-content\/uploads\/2022\/09\/0V0A8214-min-300x200.jpg 300w, https:\/\/vrnjackabanja.co.rs\/wp-content\/uploads\/2022\/09\/0V0A8214-min-768x512.jpg 768w, https:\/\/vrnjackabanja.co.rs\/wp-content\/uploads\/2022\/09\/0V0A8214-min-1536x1024.jpg 1536w, https:\/\/vrnjackabanja.co.rs\/wp-content\/uploads\/2022\/09\/0V0A8214-min-2048x1365.jpg 2048w\" sizes=\"auto, (max-width: 1024px) 100vw, 1024px\" \/><\/figure>\n\n\n\n<p><\/p>\n\n\n\n<p>Auf der Promenade befinden sich auch ein Kino, die Stadtbibliothek Dr. Du\u0161an Radi\u0107. Vor der Bibliothek ist der Kulturplatz, ein Ort, wo viele Kultur- und Unterhaltungsveranstaltungen stattfinden. Auf dem Kulturplatz befindet sich ein imposanter k\u00fcnstlich angelegter Wasserfall, der sich gut in den Berg \u201cCrkveno brdo\u201d eingef\u00fcgt hat, als ob er schon immer da gewesen w\u00e4re.<\/p>\n\n\n\n<p><\/p>\n\n\n\n<figure class=\"wp-block-image size-large\"><img loading=\"lazy\" decoding=\"async\" width=\"1024\" height=\"683\" src=\"http:\/\/vrnjackabanja.co.rs\/wp-content\/uploads\/2022\/08\/0V0A6987-min-1024x683.jpg\" alt=\"\" class=\"wp-image-8692\" srcset=\"https:\/\/vrnjackabanja.co.rs\/wp-content\/uploads\/2022\/08\/0V0A6987-min-1024x683.jpg 1024w, https:\/\/vrnjackabanja.co.rs\/wp-content\/uploads\/2022\/08\/0V0A6987-min-300x200.jpg 300w, https:\/\/vrnjackabanja.co.rs\/wp-content\/uploads\/2022\/08\/0V0A6987-min-768x512.jpg 768w, https:\/\/vrnjackabanja.co.rs\/wp-content\/uploads\/2022\/08\/0V0A6987-min-1536x1024.jpg 1536w, https:\/\/vrnjackabanja.co.rs\/wp-content\/uploads\/2022\/08\/0V0A6987-min-2048x1365.jpg 2048w\" sizes=\"auto, (max-width: 1024px) 100vw, 1024px\" \/><\/figure>\n\n\n\n<p><\/p>\n\n\n\n<p>Den Mittelpunkt der Spazierzone stellt ein Symbol von Vrnja\u010dka Banja,\u00a0 <a href=\"http:\/\/www.vrnjackabanjasmestaj.rs\/vazna-mesta\/centar-vrnjacke-banje\">\u00a0der Spatz Go\u010dko<\/a>\u00a0 dar. Das ist ein Ort, wo man unbedingt ein Foto machen muss, womit Sie Ihren Besuch in diesem Kurortjuwel verewigen. <\/p>\n\n\n\n<p><\/p>\n\n\n\n<figure class=\"wp-block-image size-large\"><img loading=\"lazy\" decoding=\"async\" width=\"1024\" height=\"683\" src=\"http:\/\/vrnjackabanja.co.rs\/wp-content\/uploads\/2022\/08\/0V0A7928-min-1024x683.jpg\" alt=\"\" class=\"wp-image-8704\" srcset=\"https:\/\/vrnjackabanja.co.rs\/wp-content\/uploads\/2022\/08\/0V0A7928-min-1024x683.jpg 1024w, https:\/\/vrnjackabanja.co.rs\/wp-content\/uploads\/2022\/08\/0V0A7928-min-300x200.jpg 300w, https:\/\/vrnjackabanja.co.rs\/wp-content\/uploads\/2022\/08\/0V0A7928-min-768x512.jpg 768w, https:\/\/vrnjackabanja.co.rs\/wp-content\/uploads\/2022\/08\/0V0A7928-min-1536x1024.jpg 1536w, https:\/\/vrnjackabanja.co.rs\/wp-content\/uploads\/2022\/08\/0V0A7928-min-2048x1365.jpg 2048w\" sizes=\"auto, (max-width: 1024px) 100vw, 1024px\" \/><\/figure>\n\n\n\n<p><\/p>\n\n\n\n<p>Entlang der ganzen Promenade, den Fluss entlang erheben sich die Linden, die einen angenehmen Zufluchtsort bei gro\u00dfer Hitze bieten. Mehr als zwanzig Br\u00fccken verbinden die Promenade mit dem Kurpark. Eine der bekanntesten Br\u00fccken ist die Liebesbr\u00fccke, die man unbedingt besuchen muss, wenn man nach Vrnja\u010dka Banja kommt.<\/p>\n\n\n\n<p>Was das Zurechtfinden erleichtert, sind nat\u00fcrlich die zahlreichen Stra\u00dfenschilder, die den Weg zu den Sehensw\u00fcrdigkeiten, die gesehen werden m\u00fcssen, zeigen. Das sind z. B. der&nbsp; &nbsp;Japanische Garten,&nbsp;das Kulturschloss, zahlreiche Mineralwasserquellen und auch noch viele andere Kultur- und Unterhaltungsorte. Einfach gesagt, alles was Sie finden und sehen m\u00f6chten, ist am leichtesten von der Promenade aus zu erreichen, weil von da aus, anscheinend alles nur einen Katzenspung entfernt ist.<br><\/p>\n\n\n\n<figure class=\"wp-block-image size-large is-resized\"><img loading=\"lazy\" decoding=\"async\" src=\"http:\/\/vrnjackabanja.co.rs\/wp-content\/uploads\/2022\/02\/4x3_01-1024x611.jpg\" alt=\"\" class=\"wp-image-737\" width=\"837\" height=\"500\" srcset=\"https:\/\/vrnjackabanja.co.rs\/wp-content\/uploads\/2022\/02\/4x3_01-1024x611.jpg 1024w, https:\/\/vrnjackabanja.co.rs\/wp-content\/uploads\/2022\/02\/4x3_01-300x179.jpg 300w, https:\/\/vrnjackabanja.co.rs\/wp-content\/uploads\/2022\/02\/4x3_01-768x458.jpg 768w, https:\/\/vrnjackabanja.co.rs\/wp-content\/uploads\/2022\/02\/4x3_01-1536x916.jpg 1536w, https:\/\/vrnjackabanja.co.rs\/wp-content\/uploads\/2022\/02\/4x3_01-2048x1221.jpg 2048w\" sizes=\"auto, (max-width: 837px) 100vw, 837px\" \/><\/figure>\n\n\n\n<p><\/p>\n\n\n\n<p>Die zentrale Stelle in dem Kurpark nimmt die Font\u00e4ne ein. Das ist ein Ort, der mit seiner Sch\u00f6nheit die G\u00e4ste, die Vrnja\u010dka Banja besuchen, anzieht, die nicht selten auf einer nah gelegenen Bank sitzen, sich entspannen und das Rauschen des Wassers und den Blick auf die wundersch\u00f6nen Blumeng\u00e4rten im Zentralkurpark genie\u00dfen.<\/p>\n\n\n\n<p><\/p>\n\n\n\n<figure class=\"wp-block-gallery has-nested-images columns-default is-cropped wp-block-gallery-1 is-layout-flex wp-block-gallery-is-layout-flex\">\n<figure class=\"wp-block-image size-large\"><img loading=\"lazy\" decoding=\"async\" width=\"1024\" height=\"683\" data-id=\"8696\" src=\"http:\/\/vrnjackabanja.co.rs\/wp-content\/uploads\/2022\/08\/0V0A7619-min-1024x683.jpg\" alt=\"\" class=\"wp-image-8696\" srcset=\"https:\/\/vrnjackabanja.co.rs\/wp-content\/uploads\/2022\/08\/0V0A7619-min-1024x683.jpg 1024w, https:\/\/vrnjackabanja.co.rs\/wp-content\/uploads\/2022\/08\/0V0A7619-min-300x200.jpg 300w, https:\/\/vrnjackabanja.co.rs\/wp-content\/uploads\/2022\/08\/0V0A7619-min-768x512.jpg 768w, https:\/\/vrnjackabanja.co.rs\/wp-content\/uploads\/2022\/08\/0V0A7619-min-1536x1024.jpg 1536w, https:\/\/vrnjackabanja.co.rs\/wp-content\/uploads\/2022\/08\/0V0A7619-min-2048x1365.jpg 2048w\" sizes=\"auto, (max-width: 1024px) 100vw, 1024px\" \/><\/figure>\n<\/figure>\n\n\n\n<hr class=\"wp-block-separator has-css-opacity\"\/>\n\n\n<div class=\"wp-block-image\">\n<figure class=\"aligncenter size-large\"><img loading=\"lazy\" decoding=\"async\" width=\"683\" height=\"1024\" src=\"http:\/\/vrnjackabanja.co.rs\/wp-content\/uploads\/2022\/09\/TOVB-30-min-vozic-683x1024.jpg\" alt=\"\" class=\"wp-image-9112\" srcset=\"https:\/\/vrnjackabanja.co.rs\/wp-content\/uploads\/2022\/09\/TOVB-30-min-vozic-683x1024.jpg 683w, https:\/\/vrnjackabanja.co.rs\/wp-content\/uploads\/2022\/09\/TOVB-30-min-vozic-200x300.jpg 200w, https:\/\/vrnjackabanja.co.rs\/wp-content\/uploads\/2022\/09\/TOVB-30-min-vozic-768x1152.jpg 768w, https:\/\/vrnjackabanja.co.rs\/wp-content\/uploads\/2022\/09\/TOVB-30-min-vozic-1024x1536.jpg 1024w, https:\/\/vrnjackabanja.co.rs\/wp-content\/uploads\/2022\/09\/TOVB-30-min-vozic-1365x2048.jpg 1365w, https:\/\/vrnjackabanja.co.rs\/wp-content\/uploads\/2022\/09\/TOVB-30-min-vozic-scaled.jpg 1707w\" sizes=\"auto, (max-width: 683px) 100vw, 683px\" \/><\/figure>\n<\/div>\n\n\n<p><\/p>\n\n\n\n<p>Die Sommerb\u00fchne wurde im Jahr 2017 renoviert und hat insgesamt 1500 Sitzpl\u00e4tze. Die Einwohner von Vrnja\u010dka Banja setzen viel auf Kultur und gerade die Sommerb\u00fchne ist ein Ort, der viele G\u00e4ste aus nah und fern, anzieht.<\/p>\n\n\n\n<p><\/p>\n\n\n\n<figure class=\"wp-block-image size-full\"><img loading=\"lazy\" decoding=\"async\" width=\"1024\" height=\"683\" src=\"http:\/\/vrnjackabanja.co.rs\/wp-content\/uploads\/2022\/09\/letnja-crop.jpg\" alt=\"\" class=\"wp-image-9175\" srcset=\"https:\/\/vrnjackabanja.co.rs\/wp-content\/uploads\/2022\/09\/letnja-crop.jpg 1024w, https:\/\/vrnjackabanja.co.rs\/wp-content\/uploads\/2022\/09\/letnja-crop-300x200.jpg 300w, https:\/\/vrnjackabanja.co.rs\/wp-content\/uploads\/2022\/09\/letnja-crop-768x512.jpg 768w\" sizes=\"auto, (max-width: 1024px) 100vw, 1024px\" \/><\/figure>\n\n\n\n<p><\/p>\n\n\n\n<p>In Erinnerung an den gro\u00dfen serbischen Schauspieler Danilo Bata Stojkovi\u0107 wurde sein Gedenkzimmer<strong> <\/strong>im Amphitheater er\u00f6ffnet, das seit 2010 nach ihm benannt ist. Dadurch wurde der wertvollste Teil seines pers\u00f6nlichen Besitzes f\u00fcr die \u00d6ffentlichkeit zug\u00e4nglich gemacht. Das Gedenkzimmer auf der Sommerb\u00fchne von Vrnja\u010dka Banja symbolisiert die Verbindungen zwischen dem legend\u00e4ren Schauspieler und dem ber\u00fchmtesten serbischen Kurort. Der gro\u00dfartige Schauspieler, dessen Erscheinung dieses Heilbad erf\u00fcllte, lebt noch f\u00fcr die Einwohner von Vrnja\u010dkaBanja. Sie sehen ihn noch immer in diesem Zimmer voller B\u00fccher und pers\u00f6nlicher Gegenst\u00e4nde.<\/p>\n\n\n\n<p><\/p>\n\n\n\n<figure class=\"wp-block-image size-full\"><img loading=\"lazy\" decoding=\"async\" width=\"906\" height=\"513\" src=\"http:\/\/vrnjackabanja.co.rs\/wp-content\/uploads\/2022\/04\/205648_vrnjacka-banja-spomen-soba-danila-bate-stojkovica-u-vrnjackoj-banji-04-1603-2022-foto-goran-sljivic_f.jpg\" alt=\"\" class=\"wp-image-2578\" srcset=\"https:\/\/vrnjackabanja.co.rs\/wp-content\/uploads\/2022\/04\/205648_vrnjacka-banja-spomen-soba-danila-bate-stojkovica-u-vrnjackoj-banji-04-1603-2022-foto-goran-sljivic_f.jpg 906w, https:\/\/vrnjackabanja.co.rs\/wp-content\/uploads\/2022\/04\/205648_vrnjacka-banja-spomen-soba-danila-bate-stojkovica-u-vrnjackoj-banji-04-1603-2022-foto-goran-sljivic_f-300x170.jpg 300w, https:\/\/vrnjackabanja.co.rs\/wp-content\/uploads\/2022\/04\/205648_vrnjacka-banja-spomen-soba-danila-bate-stojkovica-u-vrnjackoj-banji-04-1603-2022-foto-goran-sljivic_f-768x435.jpg 768w\" sizes=\"auto, (max-width: 906px) 100vw, 906px\" \/><\/figure>\n\n\n\n<p><\/p>\n\n\n\n<p>In diesem Zimmer k\u00f6nnen die Besucher und die Anh\u00e4nger von Batas Pers\u00f6nlichkeit und Werk seine pers\u00f6nlichen Gegenst\u00e4nde sehen \u2013 Anzug, Krawatte,Mundst\u00fcck und Pfeife, Aschenbecher aus dem Theater Atelier 212, Regenschirm, Spazierstock, Linien f\u00fcr legend\u00e4re Rollen, B\u00fccher, die er gerne gelesen hat, Lieblingssessel, Zeitungsausschnitte, Fotografien von Dreharbeiten und Theaterauff\u00fchrungen, einige der vielen bedeutenden Auszeichnungen und Anerkennungen.<\/p>\n\n\n\n<p><\/p>\n\n\n\n<figure class=\"wp-block-image size-large\"><img loading=\"lazy\" decoding=\"async\" width=\"1024\" height=\"576\" src=\"http:\/\/vrnjackabanja.co.rs\/wp-content\/uploads\/2022\/02\/letnja-pozornica-1-1024x576.jpg\" alt=\"\" class=\"wp-image-742\" srcset=\"https:\/\/vrnjackabanja.co.rs\/wp-content\/uploads\/2022\/02\/letnja-pozornica-1-1024x576.jpg 1024w, https:\/\/vrnjackabanja.co.rs\/wp-content\/uploads\/2022\/02\/letnja-pozornica-1-300x169.jpg 300w, https:\/\/vrnjackabanja.co.rs\/wp-content\/uploads\/2022\/02\/letnja-pozornica-1-768x432.jpg 768w, https:\/\/vrnjackabanja.co.rs\/wp-content\/uploads\/2022\/02\/letnja-pozornica-1-1536x864.jpg 1536w, https:\/\/vrnjackabanja.co.rs\/wp-content\/uploads\/2022\/02\/letnja-pozornica-1-2048x1152.jpg 2048w\" sizes=\"auto, (max-width: 1024px) 100vw, 1024px\" \/><\/figure>\n\n\n\n<hr class=\"wp-block-separator has-css-opacity\"\/>\n\n\n\n<p>Der Geist Japans im Herzen von Vrnja\u010dka Banja, so kann man diesen Garten nennen, der sich in der N\u00e4he des Zentralkurparks befindet. Er wurde im Jahr 2011 er\u00f6ffnet und das ist nicht der erste Garten, der nach diesem Prinzip gestaltet wurde. Es gibt auch einen in Belgrad, mit einer Fl\u00e4che von ca. 3000 m\u00b2 aber der Garten in Vrnja\u010dka Banja ist gr\u00f6\u00dfer und da er innerhalb einer Parkanlage liegt, gewinnt er zus\u00e4tzlich an seiner Einzigartigkeit. Im Japanischen Garten sind Pflanzen und Gegenst\u00e4nde so angelegt, dass sie sich gegenseitig erg\u00e4nzen.<\/p>\n\n\n\n<p> <\/p>\n\n\n\n<figure class=\"wp-block-image size-large\"><img loading=\"lazy\" decoding=\"async\" width=\"1024\" height=\"683\" src=\"http:\/\/vrnjackabanja.co.rs\/wp-content\/uploads\/2022\/02\/japanski-vrt-5-1-1024x683.jpg\" alt=\"\" class=\"wp-image-744\" srcset=\"https:\/\/vrnjackabanja.co.rs\/wp-content\/uploads\/2022\/02\/japanski-vrt-5-1-1024x683.jpg 1024w, https:\/\/vrnjackabanja.co.rs\/wp-content\/uploads\/2022\/02\/japanski-vrt-5-1-300x200.jpg 300w, https:\/\/vrnjackabanja.co.rs\/wp-content\/uploads\/2022\/02\/japanski-vrt-5-1-768x513.jpg 768w, https:\/\/vrnjackabanja.co.rs\/wp-content\/uploads\/2022\/02\/japanski-vrt-5-1-1536x1025.jpg 1536w, https:\/\/vrnjackabanja.co.rs\/wp-content\/uploads\/2022\/02\/japanski-vrt-5-1-2048x1367.jpg 2048w\" sizes=\"auto, (max-width: 1024px) 100vw, 1024px\" \/><\/figure>\n\n\n\n<p><br>Der Garten demonstriert die maximale Ausnutzung des Raumes mit einer nur minimalen Beeintr\u00e4chtigung der nat\u00fcrlichen Umgebung. Sie sp\u00fcren eine Ruhe, die der Ort ausstrahlt, w\u00e4hrend Sie auf dem engen bepflasterten Weg laufen, der Sie zu einem kleinen See f\u00fchrt, in den das Wasser von dem Keskadenwasser flie\u00dft. Berauscht vom dem herrlichen Anblick, k\u00f6nnen Sie \u00fcber die kleine Holzbr\u00fccke gehen und sich in dem Teeh\u00e4uschen ausruhen. Auch wenn es beginnt dunkel zu werden, lebt der Ort dank der Stra\u00dfenlaternen, die dem Ort einen besonderen Zauber geben, weiter. <\/p>\n\n\n\n<p><\/p>\n\n\n\n<figure class=\"wp-block-image size-large\"><img loading=\"lazy\" decoding=\"async\" width=\"1024\" height=\"683\" src=\"http:\/\/vrnjackabanja.co.rs\/wp-content\/uploads\/2022\/02\/japanski-vrt-4-1024x683.jpg\" alt=\"\" class=\"wp-image-745\" srcset=\"https:\/\/vrnjackabanja.co.rs\/wp-content\/uploads\/2022\/02\/japanski-vrt-4-1024x683.jpg 1024w, https:\/\/vrnjackabanja.co.rs\/wp-content\/uploads\/2022\/02\/japanski-vrt-4-300x200.jpg 300w, https:\/\/vrnjackabanja.co.rs\/wp-content\/uploads\/2022\/02\/japanski-vrt-4-768x512.jpg 768w, https:\/\/vrnjackabanja.co.rs\/wp-content\/uploads\/2022\/02\/japanski-vrt-4.jpg 1200w\" sizes=\"auto, (max-width: 1024px) 100vw, 1024px\" \/><\/figure>\n\n\n\n<p><br>Der Japanische Garten in Vrnja\u010dka Banja hat nicht nur die Intention zwei Kulturen n\u00e4her zu bringen, sondern ist ein Ort, der Sie zus\u00e4tzlich entspannen und vom allt\u00e4glichen Stress und den Strapazen befreien wird. Mit seiner spezifischen Umgebung wird dieser magische Ort Ruhe in die Selle jedes Besuchers bringen.<\/p>\n\n\n\n<hr class=\"wp-block-separator has-css-opacity\"\/>\n\n\n\n<p>Der Zentralpark hat noch eine touristische Attraktion \u2013 das Labyrinth mit insgesamt 1 km langen Parkweg und 440 Zypressen \u2013 Stecklingen, die eine gr\u00fcne Wand bilden. <\/p>\n\n\n\n<p><\/p>\n\n\n\n<figure class=\"wp-block-image size-large is-resized\"><img loading=\"lazy\" decoding=\"async\" src=\"http:\/\/vrnjackabanja.co.rs\/wp-content\/uploads\/2022\/02\/lavirint-1024x576.jpg\" alt=\"\" class=\"wp-image-749\" width=\"839\" height=\"471\" srcset=\"https:\/\/vrnjackabanja.co.rs\/wp-content\/uploads\/2022\/02\/lavirint-1024x576.jpg 1024w, https:\/\/vrnjackabanja.co.rs\/wp-content\/uploads\/2022\/02\/lavirint-300x169.jpg 300w, https:\/\/vrnjackabanja.co.rs\/wp-content\/uploads\/2022\/02\/lavirint-768x432.jpg 768w, https:\/\/vrnjackabanja.co.rs\/wp-content\/uploads\/2022\/02\/lavirint-1536x864.jpg 1536w, https:\/\/vrnjackabanja.co.rs\/wp-content\/uploads\/2022\/02\/lavirint.jpg 1920w\" sizes=\"auto, (max-width: 839px) 100vw, 839px\" \/><\/figure>\n\n\n\n<p><br>Das Labyrinth \u2013 Park ist gleich neben dem Japanischen Garten. Die Zupressen \u2013 Stecklinge wurden so in die Erde gesetzt, dass dabei ein Labyrinth \u2013 Park geformt wurde. Der Labyrinth \u2013 Park ist 32 Meter lang und 23 Meter breit. Die Heckenwand ist ungef\u00e4hr zwei Meter hoch. Das Labyrinth hat auch ein paar Sackgassen.<\/p>\n\n\n\n<hr class=\"wp-block-separator has-css-opacity\"\/>\n\n\n\n<p>Der zentrale Platz in der Spazierzone ist f\u00fcr den sympathischen Spatz, der eine Art Symbol von Vrnja\u010dka Banja darstellt, reserviert. Den Namen \u201cGo\u010dko\u201d hat er nach dem Berg Go\u010d, der sich \u00fcber den Kurortjuwel erhebt, bekommen.<\/p>\n\n\n<div class=\"wp-block-image\">\n<figure class=\"alignright size-large is-resized\"><img loading=\"lazy\" decoding=\"async\" src=\"http:\/\/vrnjackabanja.co.rs\/wp-content\/uploads\/2022\/09\/0V0A7934-min-683x1024.jpg\" alt=\"\" class=\"wp-image-9164\" width=\"426\" height=\"638\" srcset=\"https:\/\/vrnjackabanja.co.rs\/wp-content\/uploads\/2022\/09\/0V0A7934-min-683x1024.jpg 683w, https:\/\/vrnjackabanja.co.rs\/wp-content\/uploads\/2022\/09\/0V0A7934-min-200x300.jpg 200w, https:\/\/vrnjackabanja.co.rs\/wp-content\/uploads\/2022\/09\/0V0A7934-min-768x1152.jpg 768w, https:\/\/vrnjackabanja.co.rs\/wp-content\/uploads\/2022\/09\/0V0A7934-min-1024x1536.jpg 1024w, https:\/\/vrnjackabanja.co.rs\/wp-content\/uploads\/2022\/09\/0V0A7934-min-1365x2048.jpg 1365w, https:\/\/vrnjackabanja.co.rs\/wp-content\/uploads\/2022\/09\/0V0A7934-min-scaled.jpg 1707w\" sizes=\"auto, (max-width: 426px) 100vw, 426px\" \/><\/figure>\n<\/div>\n\n\n<p>Dieser sympathische Spatz ist eigentlich als Symbol und Maskottchen f\u00fcr das Spiel ohne Grenzen, das im Jahr 1990 stattgefunden hat, entstanden. Dieser Wettbewerb entstand in Frankreich als eine Idee des damaligen franz\u00f6sischen Pr\u00e4sidenten Charles de Gaulle. Sein Ziel war die freundschaftlichen Beziehungen zwischen Frankreich und Deutschland zu st\u00e4rken, und zwar mit Spielen, mit einem Fitness \u2013 Konzept und Unterhaltungscharakter. Mit der Zeit nahm diese Veranstaltung gr\u00f6\u00dfere, globale Dimension ein. Von 1987 bis 1982 war auch unser Land einer der Teilnehmer an diesem Wettbewerb. Im Jahr 1990 nimmt Jugoslawien noch einmal an diesem Wettbewerb teil, und dieses Mal als Gastgeber. Die Spiele fanden gerade in Vrnja\u010dka Banja, der K\u00f6nigin des Tourismus, statt. Da der Wettbewerb einen Unterhaltungscharakter hatte, trugen die Teilnehmer au\u00dfergew\u00f6hnliche Kost\u00fcme und l\u00f6sten au\u00dfergew\u00f6hnliche Aufgaben. Dementsprechend war das Symbol der Spiele ein Spatz, der \u201copanci\u201d alte, traditionelle serbische Schuhe und \u201c\u0161ajka\u010da\u201deine traditionelle Kopfbedeckung der Volkstracht und Milit\u00e4runiform,anhatte. Er wurde so aufgestellt, das er Augenzwinkernd alle Wettbewerbsteilnehmer begr\u00fc\u00dfte, und blieb bis heute auf der gleichen Stelle, damit er alle G\u00e4ste, die nach Vrnja\u010dka Banja kommen auch weiterhin begr\u00fc\u00dft.<\/p>\n\n\n\n<hr class=\"wp-block-separator has-css-opacity\"\/>\n\n\n\n<p>Die <strong>\u201cLiebesbr\u00fccke\u201d<\/strong> der Sammelpunkt der Verliebten, aber auch aller Tourismusliebhaber und neugierigen Menschen, die die Geschichte \u00fcber die Liebe h\u00f6ren wollen. Vielleicht wird es unglaublich scheinen, wenn sie h\u00f6ren, dass die Liebesbr\u00fccke und die Geschichte, die ihr den Reiz gibt, fast in Vergessenheit gerieten. Dass es nicht dazugekomen ist, haben wir der Schriftstellerin Desanka Maksimovi\u0107 zu verdanken, die oft nach Vrnja\u010dka Banja kam. Als sie von den \u00e4lteren Einheimischen die traurige Liebesgeschichte h\u00f6rte, schrieb sie das Lied \u201eGebet f\u00fcr die Liebe\u201c und belebte somit die Erinnerung an zwei Verliebte und trug auch dazu bei, dass die Legende weiterlebt.<\/p>\n\n\n\n<p><\/p>\n\n\n<div class=\"wp-block-image\">\n<figure class=\"aligncenter size-large\"><img loading=\"lazy\" decoding=\"async\" width=\"1024\" height=\"688\" src=\"http:\/\/vrnjackabanja.co.rs\/wp-content\/uploads\/2022\/09\/0V0A7893-min-1024x688.jpg\" alt=\"\" class=\"wp-image-8789\" srcset=\"https:\/\/vrnjackabanja.co.rs\/wp-content\/uploads\/2022\/09\/0V0A7893-min-1024x688.jpg 1024w, https:\/\/vrnjackabanja.co.rs\/wp-content\/uploads\/2022\/09\/0V0A7893-min-300x202.jpg 300w, https:\/\/vrnjackabanja.co.rs\/wp-content\/uploads\/2022\/09\/0V0A7893-min-768x516.jpg 768w, https:\/\/vrnjackabanja.co.rs\/wp-content\/uploads\/2022\/09\/0V0A7893-min-1536x1032.jpg 1536w, https:\/\/vrnjackabanja.co.rs\/wp-content\/uploads\/2022\/09\/0V0A7893-min-2048x1376.jpg 2048w\" sizes=\"auto, (max-width: 1024px) 100vw, 1024px\" \/><\/figure>\n<\/div>\n\n\n<p><\/p>\n\n\n\n<p>Am Vorabend des Ersten Weltkrieges, als sie den Krieg noch gar nicht vorausahnen konnten, verliebten sich die Lehrerin Nada und der serbische Offizier Relja ineinander. Sie verliebten sich ineinander und versprachen sich einander. Das war eine Liebe, von der alle sprachen und die die Aufmerksamkeit aller Bewohner von Vrnja\u010dka Banja fesselte. Aber dann kam der Krieg mit all seinen Schrecknissen \u2013 Soldat Relja wurde an die Front nach Griechenland geschickt. Er geht fort und kehrt nie wieder \u2013 wegen einer sch\u00f6nen Griechin, in die er sich verliebt, so dass er die Verlobung mit Nada l\u00f6st. \u00dcber sein weiteres Schicksal sagt die Legende nichts weiter aus. Um Nadas Schicksal dagegen wei\u00df aber jeder Bewohner von Vrnja\u010dka Banja: Aufgrund der ma\u00dflosen Trauer um ihren geliebten Relja ging sie allm\u00e4hlich ein und verstarb schlie\u00dflich, jung und ungl\u00fccklich.<\/p>\n\n\n\n<p>Ersch\u00fcttert von Nadas Schicksal und in dem Bestreben, ihre eigene Liebe zu besch\u00fctzen, gravierten junge M\u00e4dchen ihre Namen und die Namen ihrer Geliebten auf Vorh\u00e4ngeschl\u00f6sser, h\u00e4ngten diese an der Br\u00fccke an, die der Lieblingstreffpunkt von Nada und Relja gewesen sein sollte und warfen die Schl\u00fcssel symboltr\u00e4chtig in den Fluss. Es kamen neue Kriege und neue Leiden. Die Geschichte wurde vergessen und von dem Brauch, ihre Liebe zu \u201everschlie\u00dfen\u201c, wichen die jungen M\u00e4dchen immer mehr ab. So war das, bis Desanka Maksimovic, so der Volksmund, bei einem ihrer vielen Besuche in Vrnja\u010dka Banja davon erfuhr und inspiriert dadurch eines ihrer sch\u00f6nsten Liebesgedichte schrieb: Gebet f\u00fcr die Liebe. Auch wenn der Mensch von Natur aus zum Vergessen neigt, ist diese Geschichte unvergessen geblieben. Um sie weiterleben zu lassen, setzen junge Liebespaare die alte Tradition fort und verschlie\u00dfen ihre Liebe mit dem Liebesschloss. Dabei wurde die Br\u00fccke \u201eBr\u00fccke der Liebe\u201c getauft.<\/p>\n\n\n\n<hr class=\"wp-block-separator has-css-opacity\"\/>\n\n\n\n<p><\/p>\n\n\n\n<p>Vrnja\u010dka Banja ist seit kurzem um eine Fu\u00dfg\u00e4ngerbr\u00fccke, die den Fluss \u201cVrnja\u010dka reka\u201d schm\u00fcckt reicher. Die Br\u00fccke, die einen interessanten Namen tr\u00e4gt <strong>\u201c<\/strong>Wer singt denn da<strong>\u201d<\/strong>, wurde zu Ehren des bekannten jugoslawischen und serbischen Schauspielers und auf Initiative des Verbandes \u201cDanilo Bata Stojkovi\u0107\u201d erbaut.<\/p>\n\n\n<div class=\"wp-block-image\">\n<figure class=\"aligncenter size-large\"><img loading=\"lazy\" decoding=\"async\" width=\"1024\" height=\"576\" src=\"http:\/\/vrnjackabanja.co.rs\/wp-content\/uploads\/2022\/04\/33170104_1034910196664692_2946296008268578816_n-edited-1536x864-1-1024x576.jpg\" alt=\"\" class=\"wp-image-2579\" srcset=\"https:\/\/vrnjackabanja.co.rs\/wp-content\/uploads\/2022\/04\/33170104_1034910196664692_2946296008268578816_n-edited-1536x864-1-1024x576.jpg 1024w, https:\/\/vrnjackabanja.co.rs\/wp-content\/uploads\/2022\/04\/33170104_1034910196664692_2946296008268578816_n-edited-1536x864-1-300x169.jpg 300w, https:\/\/vrnjackabanja.co.rs\/wp-content\/uploads\/2022\/04\/33170104_1034910196664692_2946296008268578816_n-edited-1536x864-1-768x432.jpg 768w, https:\/\/vrnjackabanja.co.rs\/wp-content\/uploads\/2022\/04\/33170104_1034910196664692_2946296008268578816_n-edited-1536x864-1.jpg 1536w\" sizes=\"auto, (max-width: 1024px) 100vw, 1024px\" \/><\/figure>\n<\/div>\n\n\n<p><\/p>\n\n\n\n<p>Auf diese Weise hat man die Filmk\u00fcnstler gew\u00fcrdigt. Viele von denen waren gern gesehene G\u00e4ste in Vrnja\u010dka Banja. Vrnja\u010dka Banja hat auch eine Filmbr\u00fccke, die mit Filmthematik und Motiven aus den Filmen verziert ist, weswegen sie auch den Namen tr\u00e4gt. Wenn Sie Vrnja\u010dka Banja besuchen, seien Sie ein Teil der Filmgeschichte und besuchen sie die Br\u00fccke \u201cWer singt den da\u201dund erinnern sie sich dabei an die Worte aus dem Kultfilm: \u201c Ich w\u00fcrde hier den Bus hier durchfahren.\u201d \u201eJa bih autobus proterao ovuda\u201c.<\/p>\n\n\n\n<hr class=\"wp-block-separator has-css-opacity\"\/>\n\n\n\n<p><\/p>\n\n\n\n<p>Eine der Br\u00fccken hier ist der Mathematik gewidmet. Das ist vielleicht die einzige Br\u00fccke auf der Welt, die dieser Wissenschaft gewidmet ist. Und alles begann im Jahr 2011, als unser bekanntester Schachspieler Svetozar Gligori\u0107 ein Simultanschachturnier in Vrnjci organisiert hat. Es wurden dabei ein paar dutzend Schachbretter am Flussufer aufgestellt. Unter den Teilnehmern waren auch mehrere Mathematiker, die am ersten internationalen Mathematiker-Symposium im Schloss Belimarkovi\u0107 in Vrnja\u010dka Banja teilnahmen. Da sie von der Veranstaltung begeistert waren, haben sie sich dar\u00fcber geeinigt, eine Br\u00fccke in Erinnerung an die erste Mathematiker \u2013Versammlung ihrer Wissenschaft zu widmen.<\/p>\n\n\n\n<p><\/p>\n\n\n<div class=\"wp-block-image\">\n<figure class=\"aligncenter size-large\"><img loading=\"lazy\" decoding=\"async\" width=\"1024\" height=\"683\" src=\"http:\/\/vrnjackabanja.co.rs\/wp-content\/uploads\/2022\/09\/MMP_6094-min-1024x683.jpg\" alt=\"\" class=\"wp-image-9158\" srcset=\"https:\/\/vrnjackabanja.co.rs\/wp-content\/uploads\/2022\/09\/MMP_6094-min-1024x683.jpg 1024w, https:\/\/vrnjackabanja.co.rs\/wp-content\/uploads\/2022\/09\/MMP_6094-min-300x200.jpg 300w, https:\/\/vrnjackabanja.co.rs\/wp-content\/uploads\/2022\/09\/MMP_6094-min-768x512.jpg 768w, https:\/\/vrnjackabanja.co.rs\/wp-content\/uploads\/2022\/09\/MMP_6094-min-1536x1024.jpg 1536w, https:\/\/vrnjackabanja.co.rs\/wp-content\/uploads\/2022\/09\/MMP_6094-min-2048x1365.jpg 2048w\" sizes=\"auto, (max-width: 1024px) 100vw, 1024px\" \/><\/figure>\n<\/div>\n\n\n<hr class=\"wp-block-separator has-css-opacity\"\/>\n\n\n\n<p><\/p>\n\n\n\n<p>Die Tafeln mit den Versen und Zitaten ber\u00fchmter Schriftsteller, Texter, Dichter stehen auf der <strong>Br\u00fccke \u201cBuch der Erinnerung\u201d<\/strong>, neben den Blumenbeh\u00e4ltern.<\/p>\n\n\n\n<p><\/p>\n\n\n<div class=\"wp-block-image\">\n<figure class=\"aligncenter size-large is-resized\"><img loading=\"lazy\" decoding=\"async\" src=\"http:\/\/vrnjackabanja.co.rs\/wp-content\/uploads\/2022\/02\/MMP_6061-1024x683.jpg\" alt=\"\" class=\"wp-image-833\" width=\"872\" height=\"581\" srcset=\"https:\/\/vrnjackabanja.co.rs\/wp-content\/uploads\/2022\/02\/MMP_6061-1024x683.jpg 1024w, https:\/\/vrnjackabanja.co.rs\/wp-content\/uploads\/2022\/02\/MMP_6061-300x200.jpg 300w, https:\/\/vrnjackabanja.co.rs\/wp-content\/uploads\/2022\/02\/MMP_6061-768x512.jpg 768w, https:\/\/vrnjackabanja.co.rs\/wp-content\/uploads\/2022\/02\/MMP_6061-1536x1024.jpg 1536w, https:\/\/vrnjackabanja.co.rs\/wp-content\/uploads\/2022\/02\/MMP_6061-2048x1365.jpg 2048w\" sizes=\"auto, (max-width: 872px) 100vw, 872px\" \/><\/figure>\n<\/div>\n\n\n<p>Das sind die Verse von Miroslav Anti\u0107, Desanka Maksimovi\u0107, Du\u0161ko Trifunovi\u0107 u. a. die eine ganze literarische Epoche beeinflu\u00dft hatten, und deren Verse und Zitate ewig dauern werden<\/p>\n\n\n\n<hr class=\"wp-block-separator has-css-opacity\"\/>\n\n\n\n<p><\/p>\n\n\n\n<p>Die Br\u00fccke \u201c Entfernungsrechner\u201d befindet sich vor dem Restaurant \u201c Srbija\u201d, neben der sch\u00f6nsten Lindenalee, die der legend\u00e4re B\u00fcrgermeister der Gemeinde Vrnja\u010dka Banja, der Herzog Lune, Ende der zwanziger Jahre des neunzehnten Jahrhunderts gepflanzt hat.<\/p>\n\n\n\n<p><\/p>\n\n\n<div class=\"wp-block-image\">\n<figure class=\"aligncenter size-large\"><img loading=\"lazy\" decoding=\"async\" width=\"683\" height=\"1024\" src=\"http:\/\/vrnjackabanja.co.rs\/wp-content\/uploads\/2022\/09\/MMP_5978-min-min-683x1024.jpg\" alt=\"\" class=\"wp-image-9116\" srcset=\"https:\/\/vrnjackabanja.co.rs\/wp-content\/uploads\/2022\/09\/MMP_5978-min-min-683x1024.jpg 683w, https:\/\/vrnjackabanja.co.rs\/wp-content\/uploads\/2022\/09\/MMP_5978-min-min-200x300.jpg 200w, https:\/\/vrnjackabanja.co.rs\/wp-content\/uploads\/2022\/09\/MMP_5978-min-min-768x1152.jpg 768w, https:\/\/vrnjackabanja.co.rs\/wp-content\/uploads\/2022\/09\/MMP_5978-min-min-1024x1536.jpg 1024w, https:\/\/vrnjackabanja.co.rs\/wp-content\/uploads\/2022\/09\/MMP_5978-min-min-1366x2048.jpg 1366w, https:\/\/vrnjackabanja.co.rs\/wp-content\/uploads\/2022\/09\/MMP_5978-min-min.jpg 1667w\" sizes=\"auto, (max-width: 683px) 100vw, 683px\" \/><\/figure>\n<\/div>\n\n\n<p><\/p>\n\n\n\n<p>Nach Aussagen des ehemaligen Priesters Sava Petrovi\u0107 hat man den bekannten Kellner Nedeljko Nedja Ili\u0107 gesehen, wie er \u00f6ffters G\u00e4ste um sich versammelte und ihnen erz\u00e4hlte, wieviel die Entfernung von der Br\u00fccke zu den Weltmetropolen betr\u00e4gt. Weil man den Wunsch hatte die Erinnerung an Nedja aufzubewahren bekam diese Br\u00fccke den Namen \u201cEntfernungsrechner\u201d.<\/p>\n\n\n\n<p><\/p>\n\n\n<div class=\"wp-block-image\">\n<figure class=\"aligncenter size-large is-resized\"><img loading=\"lazy\" decoding=\"async\" src=\"http:\/\/vrnjackabanja.co.rs\/wp-content\/uploads\/2022\/02\/23212998_918527978302915_8949838628834560876_o-1024x683.jpg\" alt=\"\" class=\"wp-image-487\" width=\"855\" height=\"570\" srcset=\"https:\/\/vrnjackabanja.co.rs\/wp-content\/uploads\/2022\/02\/23212998_918527978302915_8949838628834560876_o-1024x683.jpg 1024w, https:\/\/vrnjackabanja.co.rs\/wp-content\/uploads\/2022\/02\/23212998_918527978302915_8949838628834560876_o-300x200.jpg 300w, https:\/\/vrnjackabanja.co.rs\/wp-content\/uploads\/2022\/02\/23212998_918527978302915_8949838628834560876_o-768x512.jpg 768w, https:\/\/vrnjackabanja.co.rs\/wp-content\/uploads\/2022\/02\/23212998_918527978302915_8949838628834560876_o-1536x1024.jpg 1536w, https:\/\/vrnjackabanja.co.rs\/wp-content\/uploads\/2022\/02\/23212998_918527978302915_8949838628834560876_o.jpg 2048w\" sizes=\"auto, (max-width: 855px) 100vw, 855px\" \/><\/figure>\n<\/div>\n\n\n<hr class=\"wp-block-separator has-css-opacity\"\/>\n\n\n\n<p><\/p>\n\n\n\n<p>Das Schloss Belimarkovi\u0107 ist neben der Kirche das \u00e4lteste Geb\u00e4ude in Vrnja\u010dka Banja. Es wurde am Steilhang oberhalb der Mineralquelle \u201cTopla voda\u201d, \u00e4hnlich wie die Schl\u00f6sser in Italien und Polen, gebaut. Der Neffe des Generals, der Bauengineur Pavle Deni\u0107 erstellte den Entwurf f\u00fcr das Schloss.<\/p>\n\n\n\n<p><\/p>\n\n\n<div class=\"wp-block-image\">\n<figure class=\"aligncenter size-large\"><img loading=\"lazy\" decoding=\"async\" width=\"1024\" height=\"683\" src=\"http:\/\/vrnjackabanja.co.rs\/wp-content\/uploads\/2022\/09\/0V0A8845-min-1024x683.jpg\" alt=\"\" class=\"wp-image-8784\" srcset=\"https:\/\/vrnjackabanja.co.rs\/wp-content\/uploads\/2022\/09\/0V0A8845-min-1024x683.jpg 1024w, https:\/\/vrnjackabanja.co.rs\/wp-content\/uploads\/2022\/09\/0V0A8845-min-300x200.jpg 300w, https:\/\/vrnjackabanja.co.rs\/wp-content\/uploads\/2022\/09\/0V0A8845-min-768x512.jpg 768w, https:\/\/vrnjackabanja.co.rs\/wp-content\/uploads\/2022\/09\/0V0A8845-min-1536x1024.jpg 1536w, https:\/\/vrnjackabanja.co.rs\/wp-content\/uploads\/2022\/09\/0V0A8845-min-2048x1365.jpg 2048w\" sizes=\"auto, (max-width: 1024px) 100vw, 1024px\" \/><\/figure>\n<\/div>\n\n\n<p><\/p>\n\n\n\n<p>Die Bauarbeiten hat der \u00f6sterreichnische Bauengineur Franz Winter im Zeitraum von 1888 bis 1894 beaufsichtigt. Der meiste Teil der Bauarbeiten wurde schon im Jahr 1889 durchgef\u00fchrt. Bis in den siebziger Jahren des letzten Jahrhunderts haben dort die Erben des Generals Belivukovi\u0107 gelebt, bzw. bis das Schloss f\u00fcr kulturelle Zwecke abgekauft wurde. Jetzt ist das \u201cKulturzentrum Vrnja\u010dka banja\u201d zust\u00e4ndig f\u00fcr dieses Kulturgut.<\/p>\n\n\n\n<p><br>Heute befindet sich da das Heimatmuseum. Das Museum ist vielseitig und bezieht sich auf das Gebiet Vrnj\u010dka Banja und Umgebung. Es verf\u00fcgt \u00fcber eine arch\u00e4ologische, ethnologische, historische Sammlung (die Sammlung der grafisch \u2013 touristischen Propaganda, die Samlung des Bauerben, die Sammlung alter Ansichtskarten, die fotographische Sammlung, die Sammlung alter Fotonegative auf Glas), eine Kunstsammlung (Skulpuren, Bilder, Grafiken\u2026) und das Zimmer von \u201cGeneral Belimarkovi\u0107\u201d. <\/p>\n\n\n\n<p><\/p>\n\n\n\n<figure class=\"wp-block-gallery has-nested-images columns-default is-cropped wp-block-gallery-2 is-layout-flex wp-block-gallery-is-layout-flex\">\n<figure class=\"wp-block-image size-large\"><img loading=\"lazy\" decoding=\"async\" width=\"1022\" height=\"620\" data-id=\"2075\" src=\"http:\/\/vrnjackabanja.co.rs\/wp-content\/uploads\/2022\/03\/muzej-belimarkovic-vrnjacka-banja.jpg\" alt=\"\" class=\"wp-image-2075\" srcset=\"https:\/\/vrnjackabanja.co.rs\/wp-content\/uploads\/2022\/03\/muzej-belimarkovic-vrnjacka-banja.jpg 1022w, https:\/\/vrnjackabanja.co.rs\/wp-content\/uploads\/2022\/03\/muzej-belimarkovic-vrnjacka-banja-300x182.jpg 300w, https:\/\/vrnjackabanja.co.rs\/wp-content\/uploads\/2022\/03\/muzej-belimarkovic-vrnjacka-banja-768x466.jpg 768w\" sizes=\"auto, (max-width: 1022px) 100vw, 1022px\" \/><\/figure>\n\n\n\n<figure class=\"wp-block-image size-large\"><img loading=\"lazy\" decoding=\"async\" width=\"391\" height=\"224\" data-id=\"2076\" src=\"http:\/\/vrnjackabanja.co.rs\/wp-content\/uploads\/2022\/03\/dvorac-belimarkovic21.jpg\" alt=\"\" class=\"wp-image-2076\" srcset=\"https:\/\/vrnjackabanja.co.rs\/wp-content\/uploads\/2022\/03\/dvorac-belimarkovic21.jpg 391w, https:\/\/vrnjackabanja.co.rs\/wp-content\/uploads\/2022\/03\/dvorac-belimarkovic21-300x172.jpg 300w\" sizes=\"auto, (max-width: 391px) 100vw, 391px\" \/><\/figure>\n<\/figure>\n\n\n\n<p><\/p>\n\n\n\n<p>Die Dauerausstellung des Museums besteht aus drei Schausammlungen: <\/p>\n\n\n\n<ul class=\"wp-block-list\"><li>\u201cLadariste \u2013 die Urgeschichte von Vrnjci\u201d, <\/li><li>\u201cEthnografisches Erbe von Vrnja\u010dka Banja\u201d, <\/li><li>\u201c Gedenkzimmer des Generals Belimarkovi\u0107\u201d.<\/li><\/ul>\n\n\n\n<p><\/p>\n\n\n\n<figure class=\"wp-block-gallery aligncenter has-nested-images columns-default is-cropped wp-block-gallery-3 is-layout-flex wp-block-gallery-is-layout-flex\">\n<figure class=\"wp-block-image size-large is-resized\"><img loading=\"lazy\" decoding=\"async\" data-id=\"1858\" src=\"http:\/\/vrnjackabanja.co.rs\/wp-content\/uploads\/2022\/03\/274490468_1653938054948099_5429414298787202264_n-1024x614.jpg\" alt=\"\" class=\"wp-image-1858\" width=\"409\" height=\"244\" srcset=\"https:\/\/vrnjackabanja.co.rs\/wp-content\/uploads\/2022\/03\/274490468_1653938054948099_5429414298787202264_n-1024x614.jpg 1024w, https:\/\/vrnjackabanja.co.rs\/wp-content\/uploads\/2022\/03\/274490468_1653938054948099_5429414298787202264_n-300x180.jpg 300w, https:\/\/vrnjackabanja.co.rs\/wp-content\/uploads\/2022\/03\/274490468_1653938054948099_5429414298787202264_n.jpg 1500w\" sizes=\"auto, (max-width: 409px) 100vw, 409px\" \/><\/figure>\n\n\n\n<figure class=\"wp-block-image size-large\"><img loading=\"lazy\" decoding=\"async\" width=\"960\" height=\"720\" data-id=\"2077\" src=\"http:\/\/vrnjackabanja.co.rs\/wp-content\/uploads\/2022\/03\/foto-za-tab.jpg\" alt=\"\" class=\"wp-image-2077\" srcset=\"https:\/\/vrnjackabanja.co.rs\/wp-content\/uploads\/2022\/03\/foto-za-tab.jpg 960w, https:\/\/vrnjackabanja.co.rs\/wp-content\/uploads\/2022\/03\/foto-za-tab-300x225.jpg 300w, https:\/\/vrnjackabanja.co.rs\/wp-content\/uploads\/2022\/03\/foto-za-tab-768x576.jpg 768w\" sizes=\"auto, (max-width: 960px) 100vw, 960px\" \/><\/figure>\n<\/figure>\n\n\n\n<hr class=\"wp-block-separator has-css-opacity\"\/>\n\n\n\n<p><\/p>\n\n\n\n<p>Ein touristischer Ort bekommt sicherlich eine gr\u00f6\u00dfere Dimension, wenn er sowohl den Touristen als auch den Einheimischen Kinoprojektionen zu bieten hat. Das Kino in Vrnja\u010dka Banja, als ein Teil des Kulturzentrums in Vrnja\u010dka Banja, ist ein Bestandteil vieler Kulturveranstaltungen. Da muss man insbesondere das Festival des Filmszenarios erw\u00e4hnen, wenn im Kinosal Filme, die wichtig f\u00fcr das Festival sind, gezeigt werden.<\/p>\n\n\n\n<p><\/p>\n\n\n\n<figure class=\"wp-block-gallery aligncenter has-nested-images columns-default is-cropped wp-block-gallery-4 is-layout-flex wp-block-gallery-is-layout-flex\">\n<figure class=\"wp-block-image size-large\"><img loading=\"lazy\" decoding=\"async\" width=\"1024\" height=\"683\" data-id=\"9108\" src=\"http:\/\/vrnjackabanja.co.rs\/wp-content\/uploads\/2022\/09\/0V0A8224-min-1024x683.jpg\" alt=\"\" class=\"wp-image-9108\" srcset=\"https:\/\/vrnjackabanja.co.rs\/wp-content\/uploads\/2022\/09\/0V0A8224-min-1024x683.jpg 1024w, https:\/\/vrnjackabanja.co.rs\/wp-content\/uploads\/2022\/09\/0V0A8224-min-300x200.jpg 300w, https:\/\/vrnjackabanja.co.rs\/wp-content\/uploads\/2022\/09\/0V0A8224-min-768x512.jpg 768w, https:\/\/vrnjackabanja.co.rs\/wp-content\/uploads\/2022\/09\/0V0A8224-min-1536x1024.jpg 1536w, https:\/\/vrnjackabanja.co.rs\/wp-content\/uploads\/2022\/09\/0V0A8224-min-2048x1365.jpg 2048w\" sizes=\"auto, (max-width: 1024px) 100vw, 1024px\" \/><\/figure>\n\n\n\n<figure class=\"wp-block-image size-full\"><img loading=\"lazy\" decoding=\"async\" width=\"465\" height=\"255\" data-id=\"2581\" src=\"http:\/\/vrnjackabanja.co.rs\/wp-content\/uploads\/2022\/04\/01-edited.jpg\" alt=\"\" class=\"wp-image-2581\" srcset=\"https:\/\/vrnjackabanja.co.rs\/wp-content\/uploads\/2022\/04\/01-edited.jpg 465w, https:\/\/vrnjackabanja.co.rs\/wp-content\/uploads\/2022\/04\/01-edited-300x165.jpg 300w\" sizes=\"auto, (max-width: 465px) 100vw, 465px\" \/><\/figure>\n<\/figure>\n\n\n\n<p><\/p>\n\n\n\n<p>Das Kino in Vrnja\u010dka Banja befindet sich in der Spazierzone, in der Villa \u201c Europa\u201d, die eines der ersten Objekte war, die in Vrnja\u010dka Banja gebaut wurden und zwar im absoluten Einklang mit den Baugesetzen der Zeit, in der sie entstanden ist. Heute wie damals stellt das Kino ein Fenster zur Welt dar und bringt den Geist der Welt &#8211; Kinematographie nach Vrnja\u010dka Banja. Falls Sie ein Fan von beweglichen Bildern sind, werden sie nicht zu kurz kommen, was die aktuellen Kinofilme betrifft. Was wir besonders erw\u00e4hnen wollen, ist ein Programm speziell f\u00fcr Kinder, wo sich die Kleinen an den neusten Zeichentrick- und Animationsfilmen erfreuen k\u00f6nnen. Falls sie nach Vrnja\u010dka Banja kommen, k\u00f6nnen Sie sicher sein, dass Sie neben der Natur und dem Heilwasser auch die aktuellsten Kinofilme genie\u00dfen k\u00f6nnen und so im Zentrum des Geschehens bleiben, obwohl man eigentlich weit von Menschenansammlungen ist.<br><br><\/p>\n\n\n\n<hr class=\"wp-block-separator has-css-opacity\"\/>\n\n\n\n<p><\/p>\n\n\n\n<p><\/p>\n\n\n\n<p><\/p>\n","protected":false},"excerpt":{"rendered":"<p>Den zentralen Ort im Leben von Vrnja\u010dka Banja stellt die Promenade dar. Das ist eine wundersch\u00f6ne Spazierzone, die sich auf einer Seite entlang des Flusses Vrnja\u010dka reka erstreckt und auf [&hellip;]<\/p>\n","protected":false},"author":1,"featured_media":0,"parent":0,"menu_order":0,"comment_status":"closed","ping_status":"closed","template":"","meta":{"_acf_changed":false,"footnotes":""},"class_list":["post-3738","page","type-page","status-publish","hentry"],"acf":[],"_links":{"self":[{"href":"https:\/\/vrnjackabanja.co.rs\/de\/wp-json\/wp\/v2\/pages\/3738","targetHints":{"allow":["GET"]}}],"collection":[{"href":"https:\/\/vrnjackabanja.co.rs\/de\/wp-json\/wp\/v2\/pages"}],"about":[{"href":"https:\/\/vrnjackabanja.co.rs\/de\/wp-json\/wp\/v2\/types\/page"}],"author":[{"embeddable":true,"href":"https:\/\/vrnjackabanja.co.rs\/de\/wp-json\/wp\/v2\/users\/1"}],"replies":[{"embeddable":true,"href":"https:\/\/vrnjackabanja.co.rs\/de\/wp-json\/wp\/v2\/comments?post=3738"}],"version-history":[{"count":5,"href":"https:\/\/vrnjackabanja.co.rs\/de\/wp-json\/wp\/v2\/pages\/3738\/revisions"}],"predecessor-version":[{"id":9486,"href":"https:\/\/vrnjackabanja.co.rs\/de\/wp-json\/wp\/v2\/pages\/3738\/revisions\/9486"}],"wp:attachment":[{"href":"https:\/\/vrnjackabanja.co.rs\/de\/wp-json\/wp\/v2\/media?parent=3738"}],"curies":[{"name":"wp","href":"https:\/\/api.w.org\/{rel}","templated":true}]}}