{"id":3723,"date":"2022-01-18T12:27:14","date_gmt":"2022-01-18T11:27:14","guid":{"rendered":"http:\/\/vrnjackabanja.co.rs\/istorija-banje\/"},"modified":"2022-09-14T11:34:05","modified_gmt":"2022-09-14T09:34:05","slug":"die-geschichte-von-vrnjacka-banja","status":"publish","type":"page","link":"https:\/\/vrnjackabanja.co.rs\/de\/die-geschichte-von-vrnjacka-banja\/","title":{"rendered":"Die Geschichte von Vrnja\u010dka Banja"},"content":{"rendered":"\n<p><\/p>\n\n\n\n<figure class=\"wp-block-image\"><img loading=\"lazy\" decoding=\"async\" width=\"1024\" height=\"633\" src=\"http:\/\/vrnjackabanja.co.rs\/wp-content\/uploads\/2022\/02\/Kupatilo-1934-1024x633.jpg\" alt=\"\" class=\"wp-image-631\" srcset=\"https:\/\/vrnjackabanja.co.rs\/wp-content\/uploads\/2022\/02\/Kupatilo-1934-1024x633.jpg 1024w, https:\/\/vrnjackabanja.co.rs\/wp-content\/uploads\/2022\/02\/Kupatilo-1934-300x186.jpg 300w, https:\/\/vrnjackabanja.co.rs\/wp-content\/uploads\/2022\/02\/Kupatilo-1934-768x475.jpg 768w, https:\/\/vrnjackabanja.co.rs\/wp-content\/uploads\/2022\/02\/Kupatilo-1934.jpg 1534w\" sizes=\"auto, (max-width: 1024px) 100vw, 1024px\" \/><\/figure>\n\n\n\n<p><\/p>\n\n\n\n<p>Die Geschichte der Nutzung von Mineralw\u00e4ssern aus Vrnja\u010dka Banja reicht weit in die Vergangenheit zur\u00fcck, in eine Zeit, als dieses Gebiet vom keltischen Volksstamm Skordisker besiedelt war. Nach der r\u00f6mischen Eroberung des Balkans in den letzten Jahrhunderten vor unserer Zeitrechnung und den ersten Jahrhunderten unserer Zeitrechnung wurden die Mineralw\u00e4sser zum Trinken und Baden verwendet. Dies belegt eine r\u00f6mische Quelle, die 1924 bei der Wasserentnahme in Vrnja\u010dka Banja entdeckt wurde, sowie viele M\u00fcnzen mit Konterfeien r\u00f6mischer Imperatoren.<\/p>\n\n\n\n<p><\/p>\n\n\n<div class=\"wp-block-image\">\n<figure class=\"aligncenter size-full is-resized\"><img loading=\"lazy\" decoding=\"async\" src=\"http:\/\/vrnjackabanja.co.rs\/wp-content\/uploads\/2022\/02\/rimski-izvor.jpg\" alt=\"\" class=\"wp-image-574\" width=\"831\" height=\"523\" srcset=\"https:\/\/vrnjackabanja.co.rs\/wp-content\/uploads\/2022\/02\/rimski-izvor.jpg 950w, https:\/\/vrnjackabanja.co.rs\/wp-content\/uploads\/2022\/02\/rimski-izvor-300x189.jpg 300w, https:\/\/vrnjackabanja.co.rs\/wp-content\/uploads\/2022\/02\/rimski-izvor-768x483.jpg 768w\" sizes=\"auto, (max-width: 831px) 100vw, 831px\" \/><\/figure>\n<\/div>\n\n\n<p><\/p>\n\n\n\n<p>Es ist sehr wahrscheinlich, dass im Mittelalter die Heilkraft der Mineralw\u00e4sser aus Vrnja\u010dka Banja auch den neu angekommenen Slawen bekannt war. Nach der Eroberung des Balkans durch die Osmanen gibt es kaum Belege, dass das Mineralwasser aus Vrnja\u010dka Banja genutzt wurde, au\u00dfer in ein paar unzuverl\u00e4ssigen Legenden, die besagen, dass die Osmanen gegen Ende ihrer Herrschaft auf dem Balkan von der Heilkraft des Mineralwassers Bescheid gewusst und dieses auch entsprechend genutzt haben sollten.<\/p>\n\n\n\n<p><\/p>\n\n\n\n<figure class=\"wp-block-image size-full\"><img loading=\"lazy\" decoding=\"async\" width=\"859\" height=\"550\" src=\"http:\/\/vrnjackabanja.co.rs\/wp-content\/uploads\/2022\/05\/11535921_102734936735927_1749326648288448214_n.jpg\" alt=\"\" class=\"wp-image-3014\" srcset=\"https:\/\/vrnjackabanja.co.rs\/wp-content\/uploads\/2022\/05\/11535921_102734936735927_1749326648288448214_n.jpg 859w, https:\/\/vrnjackabanja.co.rs\/wp-content\/uploads\/2022\/05\/11535921_102734936735927_1749326648288448214_n-300x192.jpg 300w, https:\/\/vrnjackabanja.co.rs\/wp-content\/uploads\/2022\/05\/11535921_102734936735927_1749326648288448214_n-768x492.jpg 768w\" sizes=\"auto, (max-width: 859px) 100vw, 859px\" \/><\/figure>\n\n\n\n<p><\/p>\n\n\n\n<p>Nach der Befreiung von der t\u00fcrkischen Herrschaft, im beginnenden 19. Jahrhundert, beauftragte F\u00fcrst Milo\u0161Obrenovi\u0107 den s\u00e4chsischen Geologen Freiherrn von Herder damit, die Mineralw\u00e4sser in Serbien zu untersuchen. In diesem Zuge wurde auch das warme Mineralwasser in Vrnja\u010dka Banja untersucht. Esgibtzuverl\u00e4ssige Belege, dass die Bewohnerdes Dorfes Vrnjci und seiner Umgebungdaswarme MineralwasserzutherapeutischenZweckengenutzthabensollten. Zum Baden und Trinken wurde es auch vom Bischofvon \u017di\u010da Janja benutzt. Doch die Geschichte des modernen Vrnja\u010dka Banja wird mit demJahr 1868 in Verbindunggebracht, als der Kreisratvon Kru\u0161evac Pavle Mutavd\u017eic mit einigen Wohlt\u00e4tern und hochangesehenen Leuten aus Kru\u0161evac, Karanovac (heute Kraljevo) und Trstenik den Verband \u201eOsnovatelno fundatorsko dru\u0161tvo kiselo-vru\u0107e vode\u201c in Vrnjci gr\u00fcndete. <\/p>\n\n\n\n<p><\/p>\n\n\n<div class=\"wp-block-image\">\n<figure class=\"aligncenter size-full\"><img loading=\"lazy\" decoding=\"async\" width=\"400\" height=\"500\" src=\"http:\/\/vrnjackabanja.co.rs\/wp-content\/uploads\/2022\/09\/pavle-mutavdzic-cropp.jpg\" alt=\"\" class=\"wp-image-9416\" srcset=\"https:\/\/vrnjackabanja.co.rs\/wp-content\/uploads\/2022\/09\/pavle-mutavdzic-cropp.jpg 400w, https:\/\/vrnjackabanja.co.rs\/wp-content\/uploads\/2022\/09\/pavle-mutavdzic-cropp-240x300.jpg 240w\" sizes=\"auto, (max-width: 400px) 100vw, 400px\" \/><\/figure>\n<\/div>\n\n\n<p><\/p>\n\n\n\n<p>Im selben Jahr wurde die Wasserentnahme von zwei Mineralquellen durchgef\u00fchrt und der Bau von Kurobjekten, vor allem Thermalb\u00e4dern, aufgenommen.  <\/p>\n\n\n\n<p><\/p>\n\n\n<div class=\"wp-block-image\">\n<figure class=\"aligncenter size-large is-resized\"><img loading=\"lazy\" decoding=\"async\" src=\"http:\/\/vrnjackabanja.co.rs\/wp-content\/uploads\/2022\/02\/Park-sa-kupatilom-1937-1024x645.jpg\" alt=\"\" class=\"wp-image-578\" width=\"851\" height=\"536\" srcset=\"https:\/\/vrnjackabanja.co.rs\/wp-content\/uploads\/2022\/02\/Park-sa-kupatilom-1937-1024x645.jpg 1024w, https:\/\/vrnjackabanja.co.rs\/wp-content\/uploads\/2022\/02\/Park-sa-kupatilom-1937-300x189.jpg 300w, https:\/\/vrnjackabanja.co.rs\/wp-content\/uploads\/2022\/02\/Park-sa-kupatilom-1937-768x483.jpg 768w, https:\/\/vrnjackabanja.co.rs\/wp-content\/uploads\/2022\/02\/Park-sa-kupatilom-1937.jpg 1455w\" sizes=\"auto, (max-width: 851px) 100vw, 851px\" \/><\/figure>\n<\/div>\n\n\n<p><\/p>\n\n\n\n<p>Die erste Saison, die im darauffolgenden Jahr (1869) er\u00f6ffnet wurde, best\u00e4tigte die Gr\u00fcndung eines solchen Verbandes und bot neue Perspektiven f\u00fcr den Ort. Nach einigen Jahren des Stillstandes, der zum einen wegen fehlender Finanzmittel f\u00fcr den Aufbau eines Genesungsheimes eingetreten war, aber zum Teil auch aufgrund der Vernachl\u00e4ssigung durch den Staat in den 1880er Jahren, als der Kurort Vrnjci in Gemeineigentum \u00fcberf\u00fchrt wurde, und insbesondere nach der Errichtung der Villa des Generals JovanaBelimarkovi\u0107, eines Abgesandten des K\u00f6nigs Aleksandar Obrenovi\u0107, entwickelte sich Vrnja\u010dka Banja langsam zu einem modernen Kurort. <\/p>\n\n\n\n<p><\/p>\n\n\n\n<figure class=\"wp-block-image\"><img decoding=\"async\" src=\"http:\/\/vrnjackabanja.co.rs\/wp-content\/uploads\/2022\/02\/CamScanner-11-19-2020-09.01_1-1024x746.jpg\" alt=\"This image has an empty alt attribute; its file name is CamScanner-11-19-2020-09.01_1-1024x746.jpg\"\/><\/figure>\n\n\n\n<p><\/p>\n\n\n\n<p>Im Jahre 1885 wurde die Volksgastst\u00e4tte bei Kosta Petrovi\u0107-Rakica als erste Verpflegungseinrichtung er\u00f6ffnet. Viele Unternehmer aus den angrenzenden St\u00e4dten lassen ihre Villen und Pensionen bauen, die Kernzone in Vrnja\u010dka Banja wird gestaltet und Mitte der 1890er Jahre wird der erste Bebauungsplan von Vrnja\u010dka Banja erstellt&#8230; <\/p>\n\n\n\n<p><\/p>\n\n\n\n<figure class=\"wp-block-image is-resized\"><img loading=\"lazy\" decoding=\"async\" src=\"http:\/\/vrnjackabanja.co.rs\/wp-content\/uploads\/2022\/05\/11088543_102739130068841_836857199832326516_n.jpg\" alt=\"This image has an empty alt attribute; its file name is 11088543_102739130068841_836857199832326516_n.jpg\" width=\"836\" height=\"529\"\/><\/figure>\n\n\n\n<figure class=\"wp-block-image size-large\"><img loading=\"lazy\" decoding=\"async\" width=\"1024\" height=\"653\" src=\"http:\/\/vrnjackabanja.co.rs\/wp-content\/uploads\/2022\/05\/Gostiona-1921-1-1024x653.jpg\" alt=\"\" class=\"wp-image-3142\" srcset=\"https:\/\/vrnjackabanja.co.rs\/wp-content\/uploads\/2022\/05\/Gostiona-1921-1-1024x653.jpg 1024w, https:\/\/vrnjackabanja.co.rs\/wp-content\/uploads\/2022\/05\/Gostiona-1921-1-300x191.jpg 300w, https:\/\/vrnjackabanja.co.rs\/wp-content\/uploads\/2022\/05\/Gostiona-1921-1-768x490.jpg 768w, https:\/\/vrnjackabanja.co.rs\/wp-content\/uploads\/2022\/05\/Gostiona-1921-1-1536x979.jpg 1536w, https:\/\/vrnjackabanja.co.rs\/wp-content\/uploads\/2022\/05\/Gostiona-1921-1.jpg 1586w\" sizes=\"auto, (max-width: 1024px) 100vw, 1024px\" \/><\/figure>\n\n\n\n<p><\/p>\n\n\n\n<p>Die Besucherzahl steigt seitdem jedes Jahr. Einen besonderen Aufstieg erlebt Vrnja\u010dka Banja in den Jahren kurz vor den Balkankriegen. Zu dieser Zeit bekam Vrnja\u010dka Banja viele moderne Pensionen, ein neu errichtetes Thermalbad, das erste Kino und ein zweites war in Vorbereitung. Unmittelbar vor den Balkankriegen wurde Vrnja\u010dka Banja auch an die Eisenbahnstrecke Stala\u0107-Po\u017eega angeschlossen, so dass es gute Verkehrsverbindungen mit den meisten Gro\u00dfst\u00e4dten des damaligen Serbien hatte. <\/p>\n\n\n\n<p><\/p>\n\n\n\n<figure class=\"wp-block-image size-full\"><img loading=\"lazy\" decoding=\"async\" width=\"1024\" height=\"662\" src=\"http:\/\/vrnjackabanja.co.rs\/wp-content\/uploads\/2022\/05\/slika-9.png\" alt=\"\" class=\"wp-image-5252\" srcset=\"https:\/\/vrnjackabanja.co.rs\/wp-content\/uploads\/2022\/05\/slika-9.png 1024w, https:\/\/vrnjackabanja.co.rs\/wp-content\/uploads\/2022\/05\/slika-9-300x194.png 300w, https:\/\/vrnjackabanja.co.rs\/wp-content\/uploads\/2022\/05\/slika-9-768x497.png 768w\" sizes=\"auto, (max-width: 1024px) 100vw, 1024px\" \/><\/figure>\n\n\n\n<p><\/p>\n\n\n\n<p>Ein Entwicklungsstillstand trifft Vrnja\u010dka Banja in der Kriegszeit 1912-1918. Im Jahr 1915 befanden sich in Vrnja\u010dka Banja ein paar Milit\u00e4rkrankenh\u00e4user der Alliierten, die in Pensionen und Erholungsheimen untergebracht waren. Nach dem Ersten Weltkrieg wird ein gro\u00dfer Aufschwung verzeichnet, der seinen H\u00f6hepunkt Ende der 1930er Jahre erreicht. Diese Expansion nahm auch in den Jahren der gro\u00dfen Wirtschaftskrise nicht ab: Es wurden moderne Villen, Sanatorien (Sv. \u00d0orde, \u017divadinovic) errichtet; die gro\u00dfe Wasserentnahme der Mineralquelle wurde 1924\/25 durchgef\u00fchrt; ein modernes Heilbad wurde aufgebaut; die Begradigung des Flusses in Vrnja\u010dka Banja wurde ausgef\u00fchrt; die Parkanlagen in Vrnja\u010dka Banja wurden erweitert und neugestaltet; Verkehrsverbindungen wurden ausgebaut; das Leitungs- und Kanalisationsnetz wurden erweitert.<\/p>\n\n\n\n<p><\/p>\n\n\n\n<figure class=\"wp-block-image size-full\"><img loading=\"lazy\" decoding=\"async\" width=\"976\" height=\"616\" src=\"http:\/\/vrnjackabanja.co.rs\/wp-content\/uploads\/2022\/05\/slika-10.png\" alt=\"\" class=\"wp-image-5256\" srcset=\"https:\/\/vrnjackabanja.co.rs\/wp-content\/uploads\/2022\/05\/slika-10.png 976w, https:\/\/vrnjackabanja.co.rs\/wp-content\/uploads\/2022\/05\/slika-10-300x189.png 300w, https:\/\/vrnjackabanja.co.rs\/wp-content\/uploads\/2022\/05\/slika-10-768x485.png 768w\" sizes=\"auto, (max-width: 976px) 100vw, 976px\" \/><\/figure>\n\n\n\n<p><\/p>\n\n\n\n<p>Laut dem Verzeichnis aus dem Jahr 1933 gab es damals in Vrnja\u010dka Banja 133 Handwerker- und Handelsgesch\u00e4fte. Auch bl\u00fcht das Kulturleben auf; Volksfeste sowie Konzerte mit klassischer Musik werden veranstaltet, renommierte Theatertruppen treten auf. <\/p>\n\n\n\n<p><\/p>\n\n\n\n<figure class=\"wp-block-image size-full\"><img loading=\"lazy\" decoding=\"async\" width=\"800\" height=\"619\" src=\"http:\/\/vrnjackabanja.co.rs\/wp-content\/uploads\/2022\/05\/slika-13.png\" alt=\"\" class=\"wp-image-5268\" srcset=\"https:\/\/vrnjackabanja.co.rs\/wp-content\/uploads\/2022\/05\/slika-13.png 800w, https:\/\/vrnjackabanja.co.rs\/wp-content\/uploads\/2022\/05\/slika-13-300x232.png 300w, https:\/\/vrnjackabanja.co.rs\/wp-content\/uploads\/2022\/05\/slika-13-768x594.png 768w\" sizes=\"auto, (max-width: 800px) 100vw, 800px\" \/><\/figure>\n\n\n\n<p><\/p>\n\n\n\n<p>Es wird der Tourismusverein \u201eGo\u010d\u201d gegr\u00fcndet und nach Verabschiedung des Gesetzes \u00fcber Kurorte wurde eine genaue Kategorisierung aller Villen und Pensionen vorgenommen \u2013 die gab es laut dem Verzeichnis aus dem Jahr 1935 257. <\/p>\n\n\n\n<p><\/p>\n\n\n\n<figure class=\"wp-block-image size-full is-resized\"><img loading=\"lazy\" decoding=\"async\" src=\"http:\/\/vrnjackabanja.co.rs\/wp-content\/uploads\/2022\/05\/slika-12.png\" alt=\"\" class=\"wp-image-5264\" width=\"838\" height=\"536\" srcset=\"https:\/\/vrnjackabanja.co.rs\/wp-content\/uploads\/2022\/05\/slika-12.png 800w, https:\/\/vrnjackabanja.co.rs\/wp-content\/uploads\/2022\/05\/slika-12-300x192.png 300w, https:\/\/vrnjackabanja.co.rs\/wp-content\/uploads\/2022\/05\/slika-12-768x492.png 768w\" sizes=\"auto, (max-width: 838px) 100vw, 838px\" \/><\/figure>\n\n\n\n<p><\/p>\n\n\n\n<p>In diesem Jahr wurden 28.080 G\u00e4ste registriert, was mit Abstand die gr\u00f6\u00dfte Besucherzahl an einem touristischen Ort in Jugoslawien war. Nach dem Zweiten Weltkrieg ver\u00e4nderte sich die G\u00e4stestruktur: Von da an schicken staatliche Einrichtungen Patienten zur Heilbehandlung, das Dienstleistungsniveau sinkt, eine Vielzahl der Luxusobjekte war nicht mehr in Betrieb. Mit dem Bau neuer Objekte und dem Anstieg der Besucherzahl erfolgte in den 1950er und 1960er Jahren eine erneute Aufw\u00e4rtsentwicklung. <\/p>\n\n\n\n<p><\/p>\n\n\n\n<figure class=\"wp-block-image size-large\"><img loading=\"lazy\" decoding=\"async\" width=\"1024\" height=\"656\" src=\"http:\/\/vrnjackabanja.co.rs\/wp-content\/uploads\/2022\/04\/Vrnjacka-Banja_1932slika_O_41151265-Svajcarija-1024x656.jpg\" alt=\"\" class=\"wp-image-2917\" srcset=\"https:\/\/vrnjackabanja.co.rs\/wp-content\/uploads\/2022\/04\/Vrnjacka-Banja_1932slika_O_41151265-Svajcarija-1024x656.jpg 1024w, https:\/\/vrnjackabanja.co.rs\/wp-content\/uploads\/2022\/04\/Vrnjacka-Banja_1932slika_O_41151265-Svajcarija-300x192.jpg 300w, https:\/\/vrnjackabanja.co.rs\/wp-content\/uploads\/2022\/04\/Vrnjacka-Banja_1932slika_O_41151265-Svajcarija-768x492.jpg 768w, https:\/\/vrnjackabanja.co.rs\/wp-content\/uploads\/2022\/04\/Vrnjacka-Banja_1932slika_O_41151265-Svajcarija-1536x984.jpg 1536w, https:\/\/vrnjackabanja.co.rs\/wp-content\/uploads\/2022\/04\/Vrnjacka-Banja_1932slika_O_41151265-Svajcarija.jpg 1639w\" sizes=\"auto, (max-width: 1024px) 100vw, 1024px\" \/><\/figure>\n\n\n\n<p><\/p>\n\n\n\n<p>Die gr\u00f6\u00dfte Besucherzahl \u2013 ca. 200.000 verzeichnete Vrnja\u010dka Banja in den 1980er Jahren, als zwei Millionen \u00dcbernachtungen gebucht wurden.<\/p>\n\n\n\n<p><\/p>\n\n\n\n<figure class=\"wp-block-image size-full\"><img loading=\"lazy\" decoding=\"async\" width=\"887\" height=\"685\" src=\"http:\/\/vrnjackabanja.co.rs\/wp-content\/uploads\/2022\/02\/4-stena.jpg\" alt=\"\" class=\"wp-image-571\" srcset=\"https:\/\/vrnjackabanja.co.rs\/wp-content\/uploads\/2022\/02\/4-stena.jpg 887w, https:\/\/vrnjackabanja.co.rs\/wp-content\/uploads\/2022\/02\/4-stena-300x232.jpg 300w, https:\/\/vrnjackabanja.co.rs\/wp-content\/uploads\/2022\/02\/4-stena-768x593.jpg 768w\" sizes=\"auto, (max-width: 887px) 100vw, 887px\" \/><\/figure>\n\n\n\n<p><\/p>\n","protected":false},"excerpt":{"rendered":"<p>Die Geschichte der Nutzung von Mineralw\u00e4ssern aus Vrnja\u010dka Banja reicht weit in die Vergangenheit zur\u00fcck, in eine Zeit, als dieses Gebiet vom keltischen Volksstamm Skordisker besiedelt war. Nach der r\u00f6mischen [&hellip;]<\/p>\n","protected":false},"author":1,"featured_media":3731,"parent":0,"menu_order":0,"comment_status":"closed","ping_status":"closed","template":"","meta":{"_acf_changed":false,"footnotes":""},"class_list":["post-3723","page","type-page","status-publish","has-post-thumbnail","hentry"],"acf":[],"_links":{"self":[{"href":"https:\/\/vrnjackabanja.co.rs\/de\/wp-json\/wp\/v2\/pages\/3723","targetHints":{"allow":["GET"]}}],"collection":[{"href":"https:\/\/vrnjackabanja.co.rs\/de\/wp-json\/wp\/v2\/pages"}],"about":[{"href":"https:\/\/vrnjackabanja.co.rs\/de\/wp-json\/wp\/v2\/types\/page"}],"author":[{"embeddable":true,"href":"https:\/\/vrnjackabanja.co.rs\/de\/wp-json\/wp\/v2\/users\/1"}],"replies":[{"embeddable":true,"href":"https:\/\/vrnjackabanja.co.rs\/de\/wp-json\/wp\/v2\/comments?post=3723"}],"version-history":[{"count":3,"href":"https:\/\/vrnjackabanja.co.rs\/de\/wp-json\/wp\/v2\/pages\/3723\/revisions"}],"predecessor-version":[{"id":9492,"href":"https:\/\/vrnjackabanja.co.rs\/de\/wp-json\/wp\/v2\/pages\/3723\/revisions\/9492"}],"wp:featuredmedia":[{"embeddable":true,"href":"https:\/\/vrnjackabanja.co.rs\/de\/wp-json\/wp\/v2\/media\/3731"}],"wp:attachment":[{"href":"https:\/\/vrnjackabanja.co.rs\/de\/wp-json\/wp\/v2\/media?parent=3723"}],"curies":[{"name":"wp","href":"https:\/\/api.w.org\/{rel}","templated":true}]}}