{"id":3666,"date":"2022-01-18T12:28:05","date_gmt":"2022-01-18T11:28:05","guid":{"rendered":"http:\/\/vrnjackabanja.co.rs\/crkve-i-manastiri\/"},"modified":"2022-07-26T11:58:26","modified_gmt":"2022-07-26T09:58:26","slug":"kirchen-und-kloster","status":"publish","type":"page","link":"https:\/\/vrnjackabanja.co.rs\/de\/kirchen-und-kloster\/","title":{"rendered":"Kirchen und Kl\u00f6ster"},"content":{"rendered":"\n<p>Rund um die Genesungsheime f\u00fcr den K\u00f6rper gibt es auch Heilorte f\u00fcr die Seele. Es handelt sich um zahlreiche Kirchen und Kl\u00f6ster, die sich in Vrnja\u010dka Banja und dessen unmittelbarer N\u00e4he befinden. Diese Kirchen und Kl\u00f6ster, Zeugen unserer Geschichte, sind Heiligt\u00fcmer, in denen man die serbische Geschichte in einem Zuge nacherleben kann.<\/p>\n\n\n\n<h2 class=\"wp-block-heading\">Die Kirchen:<\/h2>\n\n\n\n<p><\/p>\n\n\n\n<p><strong>Hram Ro\u0111enja presvete Bogorodice \u2013 <\/strong>Diese heilige St\u00e4tte wurde von<strong> <\/strong>Hadschi Jeftimije Popovi\u0107, einem Propst aus Vrnja\u010dka Banja, im Jahr 1834 w\u00e4hrend der Herrschaft des F\u00fcrsten Milo\u0161 Obrenovi\u0107 errichtet. Propst Jeftimije diente dieser Weihst\u00e4tte ganze 47 Jahre. Er wurde an der S\u00fcdseite der Kirche beigesetzt, wovon sein Grabstein zeugt.<\/p>\n\n\n<div class=\"wp-block-image\">\n<figure class=\"aligncenter size-large is-resized\"><img loading=\"lazy\" decoding=\"async\" src=\"http:\/\/vrnjackabanja.co.rs\/wp-content\/uploads\/2022\/04\/20200528_151559-1024x768.jpg\" alt=\"\" class=\"wp-image-2924\" width=\"716\" height=\"536\" srcset=\"https:\/\/vrnjackabanja.co.rs\/wp-content\/uploads\/2022\/04\/20200528_151559-1024x768.jpg 1024w, https:\/\/vrnjackabanja.co.rs\/wp-content\/uploads\/2022\/04\/20200528_151559-300x225.jpg 300w, https:\/\/vrnjackabanja.co.rs\/wp-content\/uploads\/2022\/04\/20200528_151559-768x576.jpg 768w, https:\/\/vrnjackabanja.co.rs\/wp-content\/uploads\/2022\/04\/20200528_151559-1536x1152.jpg 1536w, https:\/\/vrnjackabanja.co.rs\/wp-content\/uploads\/2022\/04\/20200528_151559-2048x1536.jpg 2048w\" sizes=\"auto, (max-width: 716px) 100vw, 716px\" \/><\/figure>\n<\/div>\n\n\n<p>An der S\u00fcdseite der Kirche befindet sich eine Gedenktafel f\u00fcr die serbischen K\u00e4mpfer von Thessaloniki, die in den Kriegen 1912\u20131918 ihr Leben f\u00fcr den Glauben und das Vaterland lie\u00dfen. Die Ikonostase lie\u00df Jovan Kujund\u017ei\u0107, ein Kaufmann aus Belgrad, im Jahr 1875 aufstellen. Die Kirche ist dem Patrozinium der Geburt der Heiligen Gottesmutter Maria geweiht \u2013 Mari\u00e4 Geburt am 21. bzw. 8. September, was durch ein wundersch\u00f6nes Mosaik oberhalb der Eingangspforte belegt ist. Die Kirche wurde zweimal (jeweils 1936 und 1973) in ihrer L\u00e4nge erweitert. Das gegenw\u00e4rtige Aussehen westseitig ist dem verstorbenen Dr. Dragomir Tadi\u0107, einem Architekten aus Belgrad, zu verdanken. Der Sommer-Schutzpatron \u2013 \u201elitija\u201c ist am 28. Juli \u2013 die Heiligen M\u00e4rtyrer Quiricus und Julitta.<\/p>\n\n\n<div class=\"wp-block-image\">\n<figure class=\"aligncenter size-large is-resized\"><img loading=\"lazy\" decoding=\"async\" src=\"http:\/\/vrnjackabanja.co.rs\/wp-content\/uploads\/2022\/04\/Vrnjacka-crkva-1917-1024x605.jpg\" alt=\"\" class=\"wp-image-2926\" width=\"735\" height=\"433\" srcset=\"https:\/\/vrnjackabanja.co.rs\/wp-content\/uploads\/2022\/04\/Vrnjacka-crkva-1917-1024x605.jpg 1024w, https:\/\/vrnjackabanja.co.rs\/wp-content\/uploads\/2022\/04\/Vrnjacka-crkva-1917-300x177.jpg 300w, https:\/\/vrnjackabanja.co.rs\/wp-content\/uploads\/2022\/04\/Vrnjacka-crkva-1917-768x454.jpg 768w, https:\/\/vrnjackabanja.co.rs\/wp-content\/uploads\/2022\/04\/Vrnjacka-crkva-1917-1536x907.jpg 1536w, https:\/\/vrnjackabanja.co.rs\/wp-content\/uploads\/2022\/04\/Vrnjacka-crkva-1917.jpg 1556w\" sizes=\"auto, (max-width: 735px) 100vw, 735px\" \/><\/figure>\n<\/div>\n\n\n<hr class=\"wp-block-separator has-css-opacity\"\/>\n\n\n\n<p><strong>Crkva \u017divonosni Isto\u010dnik presvete Bogorodice \u2013 Die Grundmauern der Kirche,<\/strong> die sich im Zentralpark von Vrnja\u010dka Banja befindet, wurden 2012 vom Bischof von \u017di\u010da Hrizostom eingeweiht. Die Kirche wurde 2020 fertiggestellt und geweiht. Das Projekt f\u00fcr die Kirche wurde vom Architekten<strong> <\/strong>Dimitrije Lj. Marinkovi\u0107 ausgearbeitet.<\/p>\n\n\n<div class=\"wp-block-image\">\n<figure class=\"aligncenter size-large is-resized\"><img loading=\"lazy\" decoding=\"async\" src=\"http:\/\/vrnjackabanja.co.rs\/wp-content\/uploads\/2022\/04\/crkva-1024x768.jpg\" alt=\"\" class=\"wp-image-2583\" width=\"717\" height=\"537\" srcset=\"https:\/\/vrnjackabanja.co.rs\/wp-content\/uploads\/2022\/04\/crkva-1024x768.jpg 1024w, https:\/\/vrnjackabanja.co.rs\/wp-content\/uploads\/2022\/04\/crkva-300x225.jpg 300w, https:\/\/vrnjackabanja.co.rs\/wp-content\/uploads\/2022\/04\/crkva-768x576.jpg 768w, https:\/\/vrnjackabanja.co.rs\/wp-content\/uploads\/2022\/04\/crkva.jpg 1080w\" sizes=\"auto, (max-width: 717px) 100vw, 717px\" \/><figcaption>Crkva \u017divonosni Isto\u010dnik presvete Bogorodice<\/figcaption><\/figure>\n<\/div>\n\n\n<p><\/p>\n\n\n\n<hr class=\"wp-block-separator has-css-opacity\"\/>\n\n\n\n<p><strong>Crkva Svetog Save u Gra\u010dacu \u2013 <\/strong>Das Dorf Gra\u010dac in der Gemeinde Vrnja\u010dka Banja ist ein sehr altes Dorf im Landkreis Ra\u0161ka. Im Areal dieses Dorfes wurden \u00dcberreste gefunden, die unmissverst\u00e4ndlich darauf hindeuten, dass das heutige Dorfgebiet schon von den alten R\u00f6mern besiedelt war. Das Dorf Gra\u010dac liegt im Gebirge Go\u010d, rund 4 Kilometer von der Landstra\u00dfe Vrnja\u010dka Banja \u2013 Kraljevo entfernt. Eine Legende besagt, dass die Dorfkirche, St. Sava-Kirche, schon zu Savas Zeiten erbaut wurde sowie dass der Heilige Sava h\u00f6chstpers\u00f6nlich zusammen mit seinem Vater Stefan Nemanja am Bau der Kirche beteiligt war. Jedenfalls ist die Kirche in Gra\u010dac, die Savas Namen tr\u00e4gt, ihm gewidmet. <\/p>\n\n\n\n<p> <\/p>\n\n\n<div class=\"wp-block-image\">\n<figure class=\"aligncenter size-large is-resized\"><img loading=\"lazy\" decoding=\"async\" src=\"http:\/\/vrnjackabanja.co.rs\/wp-content\/uploads\/2022\/04\/58698653_2210926249023431_3955152034751053824_n-1024x605.jpg\" alt=\"\" class=\"wp-image-2931\" width=\"714\" height=\"421\" srcset=\"https:\/\/vrnjackabanja.co.rs\/wp-content\/uploads\/2022\/04\/58698653_2210926249023431_3955152034751053824_n-1024x605.jpg 1024w, https:\/\/vrnjackabanja.co.rs\/wp-content\/uploads\/2022\/04\/58698653_2210926249023431_3955152034751053824_n-300x177.jpg 300w, https:\/\/vrnjackabanja.co.rs\/wp-content\/uploads\/2022\/04\/58698653_2210926249023431_3955152034751053824_n-768x453.jpg 768w, https:\/\/vrnjackabanja.co.rs\/wp-content\/uploads\/2022\/04\/58698653_2210926249023431_3955152034751053824_n-1536x907.jpg 1536w, https:\/\/vrnjackabanja.co.rs\/wp-content\/uploads\/2022\/04\/58698653_2210926249023431_3955152034751053824_n.jpg 2048w\" sizes=\"auto, (max-width: 714px) 100vw, 714px\" \/><\/figure>\n<\/div>\n\n\n<p>Wenn man den Legenden glauben darf, ist die Kirche sogar \u00e4lter als das Kloster \u017di\u010da und feierte demnach ihr 800-j\u00e4hriges Jubil\u00e4um im ausgehenden 20. Jahrhundert. Die Kirche ist im Laufe der Geschichte vielfach zerst\u00f6rt worden,so dass heute keine genauen Belege \u00fcber ihre Entstehung und die Stifter vorliegen. Bis zum Anfang des 19. Jahrhunderts blieben von der Kirche nur die Grundmauern erhalten, auf denen im Jahr 1812 eine neue Kirche errichtet wurde. Gra\u010dacs Priester Radovan \u0160u\u0107urevi\u0107 lie\u00df diese Kirche 1842 erneuern. Heute wird die Kirche von der Denkmalschutzbeh\u00f6rde der Stadt Kraljevo verwaltet. Gegen\u00fcber dieser heiligen St\u00e4tte befindet sich die 1909 gebaute Grundschule, die renoviert wurde und in der sich heute ein Museum befindet.&nbsp;&nbsp;&nbsp;&nbsp;&nbsp;&nbsp;&nbsp;&nbsp;&nbsp;&nbsp;&nbsp;&nbsp;&nbsp;&nbsp;&nbsp;&nbsp;&nbsp;<\/p>\n\n\n<div class=\"wp-block-image\">\n<figure class=\"aligncenter size-large is-resized\"><img loading=\"lazy\" decoding=\"async\" src=\"http:\/\/vrnjackabanja.co.rs\/wp-content\/uploads\/2022\/04\/82283594_2700131416769576_7979992224572112896_n-1024x576.jpg\" alt=\"\" class=\"wp-image-2933\" width=\"745\" height=\"418\" srcset=\"https:\/\/vrnjackabanja.co.rs\/wp-content\/uploads\/2022\/04\/82283594_2700131416769576_7979992224572112896_n-1024x576.jpg 1024w, https:\/\/vrnjackabanja.co.rs\/wp-content\/uploads\/2022\/04\/82283594_2700131416769576_7979992224572112896_n-300x169.jpg 300w, https:\/\/vrnjackabanja.co.rs\/wp-content\/uploads\/2022\/04\/82283594_2700131416769576_7979992224572112896_n-768x432.jpg 768w, https:\/\/vrnjackabanja.co.rs\/wp-content\/uploads\/2022\/04\/82283594_2700131416769576_7979992224572112896_n-1536x864.jpg 1536w, https:\/\/vrnjackabanja.co.rs\/wp-content\/uploads\/2022\/04\/82283594_2700131416769576_7979992224572112896_n.jpg 2048w\" sizes=\"auto, (max-width: 745px) 100vw, 745px\" \/><\/figure>\n<\/div>\n\n\n<p><\/p>\n\n\n\n<p><\/p>\n\n\n\n<h2 class=\"wp-block-heading\"><strong>Die Kl\u00f6ster:<\/strong><\/h2>\n\n\n\n<p><\/p>\n\n\n\n<p><strong>Manastir Svete Petke<\/strong> in Stubal ist 7 Kilometer von Vrnja\u010dka Banja entfernt. Es liegt am Abhang des Gledi\u0107-Gebirges und ist am einfachsten aus dem Dorf Ugljarevo \u00fcber die Westliche Morava zu erreichen.<\/p>\n\n\n<div class=\"wp-block-image is-style-default\">\n<figure class=\"aligncenter size-full is-resized\"><img loading=\"lazy\" decoding=\"async\" src=\"http:\/\/vrnjackabanja.co.rs\/wp-content\/uploads\/2022\/04\/1-16-730x433-1.jpg\" alt=\"\" class=\"wp-image-2589\" width=\"675\" height=\"400\" srcset=\"https:\/\/vrnjackabanja.co.rs\/wp-content\/uploads\/2022\/04\/1-16-730x433-1.jpg 730w, https:\/\/vrnjackabanja.co.rs\/wp-content\/uploads\/2022\/04\/1-16-730x433-1-300x178.jpg 300w\" sizes=\"auto, (max-width: 675px) 100vw, 675px\" \/><figcaption>Svete Petke<\/figcaption><\/figure>\n<\/div>\n\n\n<hr class=\"wp-block-separator has-css-opacity\"\/>\n\n\n\n<p><strong>Ljubostinja<\/strong> \u2013 Das Kloster Ljubostinja ist 16 Kilometer von Vrnja\u010dka Banja entfernt. Es ist am besten \u00fcber Trstenik und das Dorf Grabovac erreichbar.<\/p>\n\n\n<div class=\"wp-block-image\">\n<figure class=\"aligncenter size-full is-resized\"><img loading=\"lazy\" decoding=\"async\" src=\"http:\/\/vrnjackabanja.co.rs\/wp-content\/uploads\/2022\/02\/Manastir-Ljubostinja-2.jpg\" alt=\"\" class=\"wp-image-535\" width=\"673\" height=\"503\" srcset=\"https:\/\/vrnjackabanja.co.rs\/wp-content\/uploads\/2022\/02\/Manastir-Ljubostinja-2.jpg 1008w, https:\/\/vrnjackabanja.co.rs\/wp-content\/uploads\/2022\/02\/Manastir-Ljubostinja-2-300x224.jpg 300w, https:\/\/vrnjackabanja.co.rs\/wp-content\/uploads\/2022\/02\/Manastir-Ljubostinja-2-768x574.jpg 768w\" sizes=\"auto, (max-width: 673px) 100vw, 673px\" \/><figcaption> Ljubostinja<\/figcaption><\/figure>\n<\/div>\n\n\n<p><\/p>\n\n\n\n<hr class=\"wp-block-separator has-css-opacity\"\/>\n\n\n\n<p><strong>\u017di\u010da \u2013  Das Kloster \u017di\u010da ist 32 Kilometer <\/strong>von Vrnja\u010dka Banja entfernt. Es ist am besten \u00fcber die Stra\u00dfe nach Mataru\u0161ka Banja erreichbar.<\/p>\n\n\n<div class=\"wp-block-image\">\n<figure class=\"aligncenter size-large is-resized\"><img loading=\"lazy\" decoding=\"async\" src=\"http:\/\/vrnjackabanja.co.rs\/wp-content\/uploads\/2022\/02\/Manastir-Zica-1024x768.jpg\" alt=\"\" class=\"wp-image-537\" width=\"669\" height=\"501\" srcset=\"https:\/\/vrnjackabanja.co.rs\/wp-content\/uploads\/2022\/02\/Manastir-Zica-1024x768.jpg 1024w, https:\/\/vrnjackabanja.co.rs\/wp-content\/uploads\/2022\/02\/Manastir-Zica-300x225.jpg 300w, https:\/\/vrnjackabanja.co.rs\/wp-content\/uploads\/2022\/02\/Manastir-Zica-768x576.jpg 768w, https:\/\/vrnjackabanja.co.rs\/wp-content\/uploads\/2022\/02\/Manastir-Zica-1536x1152.jpg 1536w, https:\/\/vrnjackabanja.co.rs\/wp-content\/uploads\/2022\/02\/Manastir-Zica.jpg 1938w\" sizes=\"auto, (max-width: 669px) 100vw, 669px\" \/><figcaption> \u017di\u010da<\/figcaption><\/figure>\n<\/div>\n\n\n<hr class=\"wp-block-separator has-css-opacity\"\/>\n\n\n\n<p><strong>Studenica<\/strong> \u2013 Das Kloster Studenica ist ca. 80 Kilometer von Vrnja\u010dka Banja entfernt. Es ist am besten \u00fcber Mataru\u0161ka Banja entlang der Ibar-Fernstra\u00dfe bis zum Ort U\u0161\u0107e erreichbar, an dem sich die Stra\u00dfe gabelt und direkt zum Kloster f\u00fchrt.<\/p>\n\n\n<div class=\"wp-block-image\">\n<figure class=\"aligncenter size-full is-resized\"><img loading=\"lazy\" decoding=\"async\" src=\"http:\/\/vrnjackabanja.co.rs\/wp-content\/uploads\/2022\/02\/Manastir-Studenica-1.jpg\" alt=\"\" class=\"wp-image-538\" width=\"669\" height=\"501\" srcset=\"https:\/\/vrnjackabanja.co.rs\/wp-content\/uploads\/2022\/02\/Manastir-Studenica-1.jpg 1024w, https:\/\/vrnjackabanja.co.rs\/wp-content\/uploads\/2022\/02\/Manastir-Studenica-1-300x225.jpg 300w, https:\/\/vrnjackabanja.co.rs\/wp-content\/uploads\/2022\/02\/Manastir-Studenica-1-768x576.jpg 768w\" sizes=\"auto, (max-width: 669px) 100vw, 669px\" \/><figcaption> Studenica<\/figcaption><\/figure>\n<\/div>\n\n\n<hr class=\"wp-block-separator has-css-opacity\"\/>\n","protected":false},"excerpt":{"rendered":"<p>Rund um die Genesungsheime f\u00fcr den K\u00f6rper gibt es auch Heilorte f\u00fcr die Seele. Es handelt sich um zahlreiche Kirchen und Kl\u00f6ster, die sich in Vrnja\u010dka Banja und dessen unmittelbarer [&hellip;]<\/p>\n","protected":false},"author":1,"featured_media":3668,"parent":0,"menu_order":0,"comment_status":"closed","ping_status":"closed","template":"","meta":{"_acf_changed":false,"footnotes":""},"class_list":["post-3666","page","type-page","status-publish","has-post-thumbnail","hentry"],"acf":[],"_links":{"self":[{"href":"https:\/\/vrnjackabanja.co.rs\/de\/wp-json\/wp\/v2\/pages\/3666","targetHints":{"allow":["GET"]}}],"collection":[{"href":"https:\/\/vrnjackabanja.co.rs\/de\/wp-json\/wp\/v2\/pages"}],"about":[{"href":"https:\/\/vrnjackabanja.co.rs\/de\/wp-json\/wp\/v2\/types\/page"}],"author":[{"embeddable":true,"href":"https:\/\/vrnjackabanja.co.rs\/de\/wp-json\/wp\/v2\/users\/1"}],"replies":[{"embeddable":true,"href":"https:\/\/vrnjackabanja.co.rs\/de\/wp-json\/wp\/v2\/comments?post=3666"}],"version-history":[{"count":5,"href":"https:\/\/vrnjackabanja.co.rs\/de\/wp-json\/wp\/v2\/pages\/3666\/revisions"}],"predecessor-version":[{"id":7159,"href":"https:\/\/vrnjackabanja.co.rs\/de\/wp-json\/wp\/v2\/pages\/3666\/revisions\/7159"}],"wp:featuredmedia":[{"embeddable":true,"href":"https:\/\/vrnjackabanja.co.rs\/de\/wp-json\/wp\/v2\/media\/3668"}],"wp:attachment":[{"href":"https:\/\/vrnjackabanja.co.rs\/de\/wp-json\/wp\/v2\/media?parent=3666"}],"curies":[{"name":"wp","href":"https:\/\/api.w.org\/{rel}","templated":true}]}}