{"id":3456,"date":"2022-01-18T12:39:50","date_gmt":"2022-01-18T11:39:50","guid":{"rendered":"http:\/\/vrnjackabanja.co.rs\/stare-banjske-vile\/"},"modified":"2022-09-13T14:39:13","modified_gmt":"2022-09-13T12:39:13","slug":"alte-kurortvillen","status":"publish","type":"page","link":"https:\/\/vrnjackabanja.co.rs\/de\/alte-kurortvillen\/","title":{"rendered":"Alte Kurortvillen"},"content":{"rendered":"\n<p><\/p>\n\n\n\n<p>In Vrnja\u010dka Banja ist es spezifisch den Objekten den Namen \u201cVilla\u201d zu geben. Die Bezeichnung verbindet man seit der R\u00f6merzeit mit luxuri\u00f6sen Geb\u00e4uden, die egal wie gro\u00df sie sind, zur Vermietung von Betten dienen, auch wenn es nur ein einziges Bett ist.<\/p>\n\n\n\n<p>Wenn wir uns die Fotos und die allten Ansichtskarten anschauen, bemerkt man sofort die verpflichtende Gartengestaltung, mit Ausnahme der Objekte, die direkt am Rande eines Grundst\u00fccks gebaut wurden und ein Teil der \u00f6ffentlichen Fl\u00e4chen waren. So kann man vermuten, dass f\u00fcr die Einwohner von Vrnja\u010dka Banja und f\u00fcr diejenigen, die in sie verliebt waren, das Ambiente dazu beigetragen hat, dass man die Bezeichnung \u201cVilla\u201d vor den Namen der Objekte dazugegeben hat.<\/p>\n\n\n\n<p><\/p>\n\n\n\n<h2 class=\"has-text-align-center wp-block-heading\">Villa \u201eSotirovi\u0107\u201d<\/h2>\n\n\n\n<p><\/p>\n\n\n\n<p>Das Hotel \u201eSotirovic\u201c wurde 1904 erbaut, und das war das erste richtige Hotel im Zentrum von Vrnja\u010dka Banja. Der Bau des Hotels wurde mit den Mitteln gebaut, die von einem der \u00e4ltesten Segewerken stammen. Die S\u00e4gewerke wurden Ende des neunzehnten Jahrhunderts auf dem Berg Goc gegr\u00fcndet. Die Hotelbesitzerin war die H\u00e4ndlerin Zarija Sotirovi\u0107. <\/p>\n\n\n\n<p><\/p>\n\n\n\n<figure class=\"wp-block-image size-full\"><img loading=\"lazy\" decoding=\"async\" width=\"989\" height=\"640\" src=\"http:\/\/vrnjackabanja.co.rs\/wp-content\/uploads\/2022\/09\/Vrnjacka-Banja1921Hotel-Sotirovic_slika_O_36098917-1.jpg\" alt=\"\" class=\"wp-image-9097\" srcset=\"https:\/\/vrnjackabanja.co.rs\/wp-content\/uploads\/2022\/09\/Vrnjacka-Banja1921Hotel-Sotirovic_slika_O_36098917-1.jpg 989w, https:\/\/vrnjackabanja.co.rs\/wp-content\/uploads\/2022\/09\/Vrnjacka-Banja1921Hotel-Sotirovic_slika_O_36098917-1-300x194.jpg 300w, https:\/\/vrnjackabanja.co.rs\/wp-content\/uploads\/2022\/09\/Vrnjacka-Banja1921Hotel-Sotirovic_slika_O_36098917-1-768x497.jpg 768w\" sizes=\"auto, (max-width: 989px) 100vw, 989px\" \/><\/figure>\n\n\n\n<p><\/p>\n\n\n\n<p>Das Hotel verf\u00fcgte \u00fcber 36 Zimmer und ein Restaurant mit der serbischen und franz\u00f6sischen K\u00fcche. Die Hotelg\u00e4ste waren meistens bekannte Pers\u00f6nlichkeiten aus der Hauptstadt. In den drei\u00dfiger Jahren des zwanzigsten Jahrhunderts gab es im Hotel ein Roulette \u2013 Zimmer. Nach dem Zweiten Weltkrieg, wurde das Hotel enteignet und verstaatlicht, und den Besitzern ist nur eine kleine Wohnung geblieben. Der Name wurde in den Namen \u201eSloboda\u201c (\u201eFreiheit) ge\u00e4ndert.<\/p>\n\n\n\n<hr class=\"wp-block-separator has-css-opacity\"\/>\n\n\n\n<p><\/p>\n\n\n\n<h2 class=\"has-text-align-center wp-block-heading\">Villa \u201eOrlovac\u201d<\/h2>\n\n\n\n<p><\/p>\n\n\n\n<p> Das wichtigste Geb\u00e4ude des Gastronomiewesens in Vrnja\u010dka Banja, das Hotel \u201cZvezda\u201d (\u201cStern\u201d) war fr\u00fcher \u201cOrlovac\u201d, danach \u201cSoldatovi\u0107\u201d und dann \u201cKOOP\u201d. <\/p>\n\n\n\n<p><\/p>\n\n\n\n<figure class=\"wp-block-image size-full is-resized\"><img loading=\"lazy\" decoding=\"async\" src=\"http:\/\/vrnjackabanja.co.rs\/wp-content\/uploads\/2022\/06\/1-31-24061.jpg\" alt=\"\" class=\"wp-image-5650\" width=\"840\" height=\"512\" srcset=\"https:\/\/vrnjackabanja.co.rs\/wp-content\/uploads\/2022\/06\/1-31-24061.jpg 800w, https:\/\/vrnjackabanja.co.rs\/wp-content\/uploads\/2022\/06\/1-31-24061-300x183.jpg 300w, https:\/\/vrnjackabanja.co.rs\/wp-content\/uploads\/2022\/06\/1-31-24061-768x468.jpg 768w\" sizes=\"auto, (max-width: 840px) 100vw, 840px\" \/><\/figure>\n\n\n\n<p><\/p>\n\n\n\n<p>Gro\u00dfe Orkester, unsere und aus dem Ausland (erinnern wir uns an die Chileaner aus den Sechzigern), die besten S\u00e4nger der Volksmusik und der popul\u00e4ren Musik, Entertainer, Magier und alle Arten von K\u00fcnstler versammelten alte und junge Menschen um ihre Lautsprecher und Mikrofone. Die gr\u00f6\u00dften Feste in Vrnja\u010dka Banja: das Handwerker-, das H\u00e4ndler-, das Gastronomer- das Taubenz\u00fcchterfest und die Feste fast aller anderen Vereinigungen fanden hier statt.<\/p>\n\n\n\n<p><\/p>\n\n\n\n<figure class=\"wp-block-image size-full\"><img loading=\"lazy\" decoding=\"async\" width=\"1024\" height=\"663\" src=\"http:\/\/vrnjackabanja.co.rs\/wp-content\/uploads\/2022\/05\/Vrnjacka-Banja-1920_slika_O_69903635-1024x663.jpg\" alt=\"\" class=\"wp-image-2972\" srcset=\"https:\/\/vrnjackabanja.co.rs\/wp-content\/uploads\/2022\/05\/Vrnjacka-Banja-1920_slika_O_69903635-1024x663.jpg 1024w, https:\/\/vrnjackabanja.co.rs\/wp-content\/uploads\/2022\/05\/Vrnjacka-Banja-1920_slika_O_69903635-300x194.jpg 300w, https:\/\/vrnjackabanja.co.rs\/wp-content\/uploads\/2022\/05\/Vrnjacka-Banja-1920_slika_O_69903635-768x497.jpg 768w, https:\/\/vrnjackabanja.co.rs\/wp-content\/uploads\/2022\/05\/Vrnjacka-Banja-1920_slika_O_69903635-1536x995.jpg 1536w, https:\/\/vrnjackabanja.co.rs\/wp-content\/uploads\/2022\/05\/Vrnjacka-Banja-1920_slika_O_69903635.jpg 1637w\" sizes=\"auto, (max-width: 1024px) 100vw, 1024px\" \/><\/figure>\n\n\n\n<figure class=\"wp-block-image size-large\"><img loading=\"lazy\" decoding=\"async\" width=\"1024\" height=\"651\" src=\"http:\/\/vrnjackabanja.co.rs\/wp-content\/uploads\/2022\/05\/Vrnjacka-Banja-Gostionica-Orlovac-1910_slika_O_131934849-1024x651.jpg\" alt=\"\" class=\"wp-image-3054\" srcset=\"https:\/\/vrnjackabanja.co.rs\/wp-content\/uploads\/2022\/05\/Vrnjacka-Banja-Gostionica-Orlovac-1910_slika_O_131934849-1024x651.jpg 1024w, https:\/\/vrnjackabanja.co.rs\/wp-content\/uploads\/2022\/05\/Vrnjacka-Banja-Gostionica-Orlovac-1910_slika_O_131934849-300x191.jpg 300w, https:\/\/vrnjackabanja.co.rs\/wp-content\/uploads\/2022\/05\/Vrnjacka-Banja-Gostionica-Orlovac-1910_slika_O_131934849-768x488.jpg 768w, https:\/\/vrnjackabanja.co.rs\/wp-content\/uploads\/2022\/05\/Vrnjacka-Banja-Gostionica-Orlovac-1910_slika_O_131934849-1536x976.jpg 1536w, https:\/\/vrnjackabanja.co.rs\/wp-content\/uploads\/2022\/05\/Vrnjacka-Banja-Gostionica-Orlovac-1910_slika_O_131934849.jpg 1662w\" sizes=\"auto, (max-width: 1024px) 100vw, 1024px\" \/><\/figure>\n\n\n\n<p><\/p>\n\n\n\n<p>Das Hotel \u201cZvezda\u201d hat auch seine Gestalt vom einst\u00f6ckigen Objekt bis zum imposanten Geb\u00e4ude nach Ma\u00dfstab von Vrnja\u010dka Banja ver\u00e4ndert. Dieses Hotel kannten alle in Serbien, aber auch au\u00dferhalb von Serbien und es war ein Symbol und der Stolz von Vrnja\u010dka Banja. \u201cZvezda\u201d besitzt einem der sch\u00f6nsten Restaurants\u00e4le im Land mit \u201cnackten\u201d, reichverziehrten Plastiken, kostbaren Kronleuchtern und Teppichen, und bot den Einheimischen und den G\u00e4sten Jahrzehnte lang ein herliches Wirtshauserlebnis.<\/p>\n\n\n\n<p><\/p>\n\n\n\n<figure class=\"wp-block-image size-large\"><img loading=\"lazy\" decoding=\"async\" width=\"1024\" height=\"736\" src=\"http:\/\/vrnjackabanja.co.rs\/wp-content\/uploads\/2022\/05\/5-zvezda-1024x736.jpg\" alt=\"\" class=\"wp-image-2974\" srcset=\"https:\/\/vrnjackabanja.co.rs\/wp-content\/uploads\/2022\/05\/5-zvezda-1024x736.jpg 1024w, https:\/\/vrnjackabanja.co.rs\/wp-content\/uploads\/2022\/05\/5-zvezda-300x216.jpg 300w, https:\/\/vrnjackabanja.co.rs\/wp-content\/uploads\/2022\/05\/5-zvezda-768x552.jpg 768w, https:\/\/vrnjackabanja.co.rs\/wp-content\/uploads\/2022\/05\/5-zvezda-1536x1103.jpg 1536w, https:\/\/vrnjackabanja.co.rs\/wp-content\/uploads\/2022\/05\/5-zvezda.jpg 1573w\" sizes=\"auto, (max-width: 1024px) 100vw, 1024px\" \/><\/figure>\n\n\n\n<hr class=\"wp-block-separator has-css-opacity\"\/>\n\n\n\n<h2 class=\"has-text-align-center wp-block-heading\">Vila \u201eAvala\u201c <\/h2>\n\n\n\n<p><\/p>\n\n\n\n<p>Da wo heue die Villa \u201cAvala\u201d ist, baute der Wirt Kosta Petrovi\u0107 Rakica ein einst\u00f6ckiges Geb\u00e4ude, das er \u201c Rakcica Wohnungen\u201d nannte. Das Geb\u00e4ude hatte 16 Mietwohnungen, eine Terrasse und eine K\u00fcche und im Garten stand auch die erste B\u00e4ckerei in Vrnja\u010dka Banja.<\/p>\n\n\n\n<p><\/p>\n\n\n\n<figure class=\"wp-block-image size-full\"><img loading=\"lazy\" decoding=\"async\" width=\"800\" height=\"504\" src=\"http:\/\/vrnjackabanja.co.rs\/wp-content\/uploads\/2022\/03\/1-31-23877-min-1.jpg\" alt=\"\" class=\"wp-image-2518\" srcset=\"https:\/\/vrnjackabanja.co.rs\/wp-content\/uploads\/2022\/03\/1-31-23877-min-1.jpg 800w, https:\/\/vrnjackabanja.co.rs\/wp-content\/uploads\/2022\/03\/1-31-23877-min-1-300x189.jpg 300w, https:\/\/vrnjackabanja.co.rs\/wp-content\/uploads\/2022\/03\/1-31-23877-min-1-768x484.jpg 768w\" sizes=\"auto, (max-width: 800px) 100vw, 800px\" \/><\/figure>\n\n\n\n<p><\/p>\n\n\n\n<p>Am Anfanfg des zwanzigsten Jahrhunderts kauften der H\u00e4ndler Bo\u0161ko Jankovi\u0107 aus Trstenik und der B\u00e4cker Gavrilo Beli\u0107 aus Vrnja\u010dka Banja das Geb\u00e4ude und das Grundst\u00fcck ab. Kurz danach wird Bo\u0161ko Jankovi\u0107 zum alleinigen Inhaber. Das, was er auf dem Grundst\u00fcck fand, hat er durch eine Etage aufgestockt. Er hat die stilistische Grundform des Objektes nicht ver\u00e4ndert. Er nannte es \u201cAvala\u201d. W\u00e4hrend des ersten Weltkrieges befand sich&nbsp; in \u201c Avala\u201d sowohl die Abteilung f\u00fcr Genesung und Rehabilitation von Verwundeten als auch die Unterkunft f\u00fcr Mittarbeiter des Britischen Roten Kreuzes. In der Villa hatten w\u00e4hrend der drei\u00dfiger Jahre des zwanzigsten Jahrhunderts Dr. med. Van\u0111el Tasi\u0107, Dr. med. Borivoje Bra\u0161i\u0107 und Dr. med. F. Ginsberger ihre Arztpraxen. Die Villa ist heute in Besitz von mehreren Privatpersonen.<\/p>\n\n\n\n<hr class=\"wp-block-separator has-css-opacity\"\/>\n\n\n\n<h2 class=\"has-text-align-center wp-block-heading\">Villa \u201cEvropa\u201d<\/h2>\n\n\n\n<p><\/p>\n\n\n\n<p>Das Hotel \u201eEvropa\u201c wurde im Jahre 1906 erbaut. Der Inhaber des Hotels war der Gastronom Bogoljub Vidojkovi\u0107 aus Vrnjci, wo seine Familie ein gro\u00dfes Landgut besa\u00df. Sie haben auch das Grundst\u00fcck f\u00fcr den Bau der Grundschule in Vrnjci gespendet. Davon zeugt eine Gedenktafel am Schulgeb\u00e4ude. Das Hotel hat \u00fcber vier Zimmer und ein Restaurant verf\u00fcgt.<\/p>\n\n\n\n<p><\/p>\n\n\n\n<figure class=\"wp-block-image size-large\"><img loading=\"lazy\" decoding=\"async\" width=\"1024\" height=\"661\" src=\"http:\/\/vrnjackabanja.co.rs\/wp-content\/uploads\/2022\/06\/Evropa-1906-1024x661.jpg\" alt=\"\" class=\"wp-image-6003\" srcset=\"https:\/\/vrnjackabanja.co.rs\/wp-content\/uploads\/2022\/06\/Evropa-1906-1024x661.jpg 1024w, https:\/\/vrnjackabanja.co.rs\/wp-content\/uploads\/2022\/06\/Evropa-1906-300x194.jpg 300w, https:\/\/vrnjackabanja.co.rs\/wp-content\/uploads\/2022\/06\/Evropa-1906-768x496.jpg 768w, https:\/\/vrnjackabanja.co.rs\/wp-content\/uploads\/2022\/06\/Evropa-1906-1536x992.jpg 1536w, https:\/\/vrnjackabanja.co.rs\/wp-content\/uploads\/2022\/06\/Evropa-1906.jpg 1663w\" sizes=\"auto, (max-width: 1024px) 100vw, 1024px\" \/><\/figure>\n\n\n\n<p>Die R\u00e4umlichkeiten im Restaurant dienten auch als Kinosaal, wo Filme w\u00e4hrend der ganzen Saison vorgef\u00fchrt wurden. Im Werbetext aus dem Jahr 1926 steht: \u201c Hotel\u201d \u201cEvropa\u201d in Vrnja\u010dka Banja befindet sich an der sch\u00f6nsten Stelle und verf\u00fcgt \u00fcber sehr sch\u00f6n ausgestattete Zimmer, erstklassige sowohl serbische als auch internationale K\u00fcche, ausgezeichnete Getr\u00e4nke aus eigenem Weinberg aber auch internationale Weine\u201d. Das Objekt wurde sp\u00e4ter zugebaut und heute befindet sich da das Kino, das bis H\u00e4lfte des zwanzigsten Jahrhunderts den Namen&nbsp;\u201cKozara\u201d trug.<\/p>\n\n\n\n<p>Das Objekt hat ein Erdgeschoss und ein hohes Ergeschoss mit einer massiven Veranda. Das Erdgeschoss wurde in den Berg eingegraben, und wurde in Kombination von Steinen und Ziegeln gebaut, und auch mit dekorativen Plastiken, aus Ziegelsteinen, die die Fenster umgeben. \u00dcber der Veranda ist eine Attika mit dem Namen der Villa, in kyrillischer Schrift geschrieben. In die Liste der Objekte aus dem Jahr 1911 wurde sie als Villa mit f\u00fcnf Zimmern eingetragen und in die Liste aus dem Jahr 1934 als Objekt der ersten Kategorie.<\/p>\n\n\n\n<hr class=\"wp-block-separator has-css-opacity\"\/>\n\n\n\n<h2 class=\"has-text-align-center wp-block-heading\">Vila \u201eKosovo\u201d<\/h2>\n\n\n\n<p><\/p>\n\n\n\n<p>Die Villa \u201cKosovo\u201d wurde schon im Jahr 1913 von dem ber\u00fchmten Professor Mina Miljkovi\u0107, dem Nachfahren der ber\u00fchmten Familie Miljkovi\u0107 aus Vrnja\u010dka Banja , \u00fcber die auch ein Buch geschrieben wurde, erbaut. Den Professor gibt es schon lange nicht mehr, und seine Tochter, die \u00c4rztin Milica, die 98 Jahre gelebt hat, starb im Jahr 2005. <\/p>\n\n\n\n<p>Der Vater und die Tochter sind im Jahr 1915 von Ohrid, \u00fcber Albanien, nach Vrnja\u010dka Banja gezogen. Er war in Ohrid Direktor des Gymnasiums und sie war Sch\u00fclerin einer Grundschule. Die Mutter von Milica starb im Jahr 1915 in Nizza und Milica kam zusammen mit ihrem Bruder nach Jugoslawien zur\u00fcck und zwar wieder nach Ohrid, wo Mina wieder die Leitung des Gymnasiums \u00fcbernahm. Mina starb Mitte der f\u00fcnfziger Jahre und Milica lebte eine Zeit lang in Vrnja\u010dka Banja. Sie war \u00c4rztin und aus beruflichen Gr\u00fcnden ging sie dann nach Vr\u0161ac. <\/p>\n\n\n\n<p>In den letzten Jahren kam sie jeden Sommer mit ihrer Halbschwester Jelica, geboren aus Minas zweiter Ehe, nach Vrnja\u010dka Banja. In die Villa \u201cKosovo\u201d kommt jetzt\u00a0 nur Jelica.<\/p>\n\n\n\n<p><\/p>\n\n\n\n<figure class=\"wp-block-image size-large\"><img loading=\"lazy\" decoding=\"async\" width=\"1024\" height=\"641\" src=\"http:\/\/vrnjackabanja.co.rs\/wp-content\/uploads\/2022\/04\/Vila-Kosovo-1024x641.jpg\" alt=\"\" class=\"wp-image-2690\" srcset=\"https:\/\/vrnjackabanja.co.rs\/wp-content\/uploads\/2022\/04\/Vila-Kosovo-1024x641.jpg 1024w, https:\/\/vrnjackabanja.co.rs\/wp-content\/uploads\/2022\/04\/Vila-Kosovo-300x188.jpg 300w, https:\/\/vrnjackabanja.co.rs\/wp-content\/uploads\/2022\/04\/Vila-Kosovo-768x481.jpg 768w, https:\/\/vrnjackabanja.co.rs\/wp-content\/uploads\/2022\/04\/Vila-Kosovo-1536x962.jpg 1536w, https:\/\/vrnjackabanja.co.rs\/wp-content\/uploads\/2022\/04\/Vila-Kosovo.jpg 1603w\" sizes=\"auto, (max-width: 1024px) 100vw, 1024px\" \/><\/figure>\n\n\n\n<hr class=\"wp-block-separator has-css-opacity\"\/>\n\n\n\n<h2 class=\"has-text-align-center wp-block-heading\">Villa \u201eSimi\u0107\u201d<\/h2>\n\n\n\n<p><\/p>\n\n\n\n<p>Fr\u00fcher war sie der Solz der ber\u00fchmten Familie Vukovi\u0107 aus Vrnja\u010dka Banja, das Eigentum von dem Pionier des Gastronomiegewerbes Milan Vukovi\u0107. Anfang der drei\u00dfiger<a><\/a>Jahre rekonstruierte und renovierte er die Villa \u201cSimi\u0107\u201d und gab ihr den Namen \u201c\u0160vajcarija\u201d.<\/p>\n\n\n\n<p><\/p>\n\n\n\n<figure class=\"wp-block-image size-large\"><img loading=\"lazy\" decoding=\"async\" width=\"1024\" height=\"660\" src=\"http:\/\/vrnjackabanja.co.rs\/wp-content\/uploads\/2022\/04\/Razglednica-012-1024x660.jpg\" alt=\"\" class=\"wp-image-2689\" srcset=\"https:\/\/vrnjackabanja.co.rs\/wp-content\/uploads\/2022\/04\/Razglednica-012-1024x660.jpg 1024w, https:\/\/vrnjackabanja.co.rs\/wp-content\/uploads\/2022\/04\/Razglednica-012-300x193.jpg 300w, https:\/\/vrnjackabanja.co.rs\/wp-content\/uploads\/2022\/04\/Razglednica-012-768x495.jpg 768w, https:\/\/vrnjackabanja.co.rs\/wp-content\/uploads\/2022\/04\/Razglednica-012.jpg 1076w\" sizes=\"auto, (max-width: 1024px) 100vw, 1024px\" \/><\/figure>\n\n\n\n<p><\/p>\n\n\n\n<p>Das war ein Hotel der h\u00f6chsten Kategorie, mit sch\u00f6nen Zimmern, Salons mit Klavieren und Grammophonen, Radioapparaten, mit einer K\u00fcche um die es auch die ber\u00fchmtesten Hotels beneiden w\u00fcrden und mit Autos, mit denen man die angesehenen G\u00e4ste vom und zum Bahnhof fuhr. \u201c \u0160vajcarija\u201d war der Treffpunkt der hiesigen serbischen Elite, insbesondere im Winter, als man den Sommertrubel wieder verga\u00df und alles ruhiger wurde.<\/p>\n\n\n\n<p>Von hier wurde der gr\u00f6\u00dfte serbische Herausgeber und Buchh\u00e4ndler Geca Kon, zwischen den beiden Weltkriegen, in ein Konzentrationslager des Dritten Reiches gebracht, um dort zu verschwinden. In \u201e\u0160vajcarija\u201c organisierten die \u201eWei\u00dfgardisten\u201c aus ganz Jugoslawien ihre Treffen. Sie schliefen, a\u00dfen, sangen da und trauerten um die Mutter Serbien.<\/p>\n\n\n\n<p><\/p>\n\n\n\n<figure class=\"wp-block-image size-full is-resized\"><img loading=\"lazy\" decoding=\"async\" src=\"http:\/\/vrnjackabanja.co.rs\/wp-content\/uploads\/2022\/04\/255490_336853483071690_495820052_n.jpg\" alt=\"\" class=\"wp-image-2692\" width=\"843\" height=\"542\" srcset=\"https:\/\/vrnjackabanja.co.rs\/wp-content\/uploads\/2022\/04\/255490_336853483071690_495820052_n.jpg 818w, https:\/\/vrnjackabanja.co.rs\/wp-content\/uploads\/2022\/04\/255490_336853483071690_495820052_n-300x193.jpg 300w, https:\/\/vrnjackabanja.co.rs\/wp-content\/uploads\/2022\/04\/255490_336853483071690_495820052_n-768x494.jpg 768w\" sizes=\"auto, (max-width: 843px) 100vw, 843px\" \/><\/figure>\n","protected":false},"excerpt":{"rendered":"<p>In Vrnja\u010dka Banja ist es spezifisch den Objekten den Namen \u201cVilla\u201d zu geben. Die Bezeichnung verbindet man seit der R\u00f6merzeit mit luxuri\u00f6sen Geb\u00e4uden, die egal wie gro\u00df sie sind, zur [&hellip;]<\/p>\n","protected":false},"author":1,"featured_media":3458,"parent":0,"menu_order":0,"comment_status":"closed","ping_status":"closed","template":"templates\/apartmani.php","meta":{"_acf_changed":false,"footnotes":""},"class_list":["post-3456","page","type-page","status-publish","has-post-thumbnail","hentry"],"acf":[],"_links":{"self":[{"href":"https:\/\/vrnjackabanja.co.rs\/de\/wp-json\/wp\/v2\/pages\/3456","targetHints":{"allow":["GET"]}}],"collection":[{"href":"https:\/\/vrnjackabanja.co.rs\/de\/wp-json\/wp\/v2\/pages"}],"about":[{"href":"https:\/\/vrnjackabanja.co.rs\/de\/wp-json\/wp\/v2\/types\/page"}],"author":[{"embeddable":true,"href":"https:\/\/vrnjackabanja.co.rs\/de\/wp-json\/wp\/v2\/users\/1"}],"replies":[{"embeddable":true,"href":"https:\/\/vrnjackabanja.co.rs\/de\/wp-json\/wp\/v2\/comments?post=3456"}],"version-history":[{"count":5,"href":"https:\/\/vrnjackabanja.co.rs\/de\/wp-json\/wp\/v2\/pages\/3456\/revisions"}],"predecessor-version":[{"id":9472,"href":"https:\/\/vrnjackabanja.co.rs\/de\/wp-json\/wp\/v2\/pages\/3456\/revisions\/9472"}],"wp:featuredmedia":[{"embeddable":true,"href":"https:\/\/vrnjackabanja.co.rs\/de\/wp-json\/wp\/v2\/media\/3458"}],"wp:attachment":[{"href":"https:\/\/vrnjackabanja.co.rs\/de\/wp-json\/wp\/v2\/media?parent=3456"}],"curies":[{"name":"wp","href":"https:\/\/api.w.org\/{rel}","templated":true}]}}